{"id":18962,"date":"2023-10-09T08:56:04","date_gmt":"2023-10-09T08:56:04","guid":{"rendered":"https:\/\/creanovaschool.com\/?page_id=18962"},"modified":"2025-11-18T14:20:00","modified_gmt":"2025-11-18T13:20:00","slug":"politica-de-proteccion-de-datos","status":"publish","type":"page","link":"https:\/\/creanovaschool.com\/ca\/politica-de-proteccion-de-datos\/","title":{"rendered":"Pol\u00edtica de protecci\u00f3 de dades"},"content":{"rendered":"<ol class=\"wp-block-list\">\n<li><strong>RESPONSABLE<\/strong>\n<ol style=\"list-style-type:upper-alpha\" class=\"wp-block-list\">\n<li><strong>Dades de contacte del Responsable<br><\/strong>El responsable de les dades recollides mitjan\u00e7ant aquesta web \u00e9s <strong>NOVACREANOVA 23, SL<\/strong> amb adre\u00e7a <strong>CARRETERA DE RUBI, 90, 08174, SANT CUGAT DEL VALL\u00c8S ( BARCELONA)<\/strong> I <strong>CIF B44775104<\/strong>. Vost\u00e8 podr\u00e0 contactar amb el responsable mitjan\u00e7ant el seg\u00fcent Email veronicamena@creanovaschool.com o al tel\u00e8fon 679400050<\/li>\n\n\n\n<li><strong>Dades de contacte del Delegat de Protecci\u00f3 de Dades<\/strong><br>VER\u00d2NICA MENA GONZALEZ<br>Tel\u00e8fon: 679400050<br>veronica.mena@creanovaschool.com<br><\/li>\n<\/ol>\n<\/li>\n\n\n\n<li><strong>FINALITAT<\/strong>\n<ol style=\"list-style-type:upper-alpha\" class=\"wp-block-list\">\n<li><strong>Descripci\u00f3 ampliada dels fins del tractament<br><\/strong>Publicitat i prospecci\u00f3 comercial<br>Gesti\u00f3 de sol\u00b7licituds<\/li>\n\n\n\n<li><strong>Terminis o criteris de conservaci\u00f3 de les dades<br><\/strong>Conservarem les dades durant el temps que sigui necessari per atendre la sol\u00b7licitud i complir les obligacions legals exigides.<br>Les dades que vost\u00e8 ens ha facilitat seran conservades mentre siguin necess\u00e0ries per a les finalitats indicades al punt 2.A., o tamb\u00e9 seran emmagatzemades pel temps exigit per diferents legislacions aplicables.<\/li>\n\n\n\n<li><strong>Decisions automatitzades, perfils i l\u00f2gica aplicada<br><\/strong>Les dades recollides mitjan\u00e7ant la p\u00e0gina web no seran utilitzades per prendre decisions automatitzades.<br><\/li>\n<\/ol>\n<\/li>\n\n\n\n<li><strong>LEGITIMACI\u00d3<\/strong>\n<ol style=\"list-style-type:upper-alpha\" class=\"wp-block-list\">\n<li><strong>Legislaci\u00f3 aplicable<\/strong><br>La legislaci\u00f3 aplicada \u00e9s el Reglament General de Protecci\u00f3 de Dades 2016\/679 de 27 d&#039;abril del 2016 aix\u00ed com la Llei Org\u00e0nica 3\/2018, de 5 de desembre, de Protecci\u00f3 de Dades Personals i garantia dels drets digitals.<\/li>\n\n\n\n<li><strong>Detalls de la base jur\u00eddica del tractament, en els casos d&#039;obligaci\u00f3 legal, inter\u00e8s p\u00fablic o inter\u00e8s p\u00fablic o inter\u00e8s leg\u00edtim<\/strong><br>Art. 6, apartat 1 lletra a. Que considera el consentiment de linteressat com una base leg\u00edtima per al tractament de dades personals contingudes en aquest fitxer.&nbsp;<\/li>\n\n\n\n<li><strong>Obligaci\u00f3 o no de facilitar dades i conseq\u00fc\u00e8ncies de no fer-ho<\/strong><br>No est\u00e0 obligat a facilitar-nos les dades, per\u00f2, ser\u00e0 necessari per poder gestionar els suggeriments o les peticions que necessiti fer-nos mitjan\u00e7ant la p\u00e0gina web.&nbsp;<br><\/li>\n<\/ol>\n<\/li>\n\n\n\n<li><strong>DESTINATARIS<\/strong>\n<ol style=\"list-style-type:upper-alpha\" class=\"wp-block-list\">\n<li><strong>Destinataris<\/strong><br>Organitzacions o persones directament relacionades amb l&#039;empresa, Administraci\u00f3 p\u00fablica amb compet\u00e8ncia en la mat\u00e8ria<\/li>\n\n\n\n<li><strong>Destinataris espec\u00edfics<\/strong><br>No existeixen<\/li>\n\n\n\n<li><strong>Decisions d&#039;adequaci\u00f3, garanties, normes corporatives vinculants o situacions espec\u00edfiques aplicables<\/strong><br>No existeixen<\/li>\n\n\n\n<li><strong>Transfer\u00e8ncies internacionals<\/strong><br>No existeixen<br><\/li>\n<\/ol>\n<\/li>\n\n\n\n<li><strong>DRETS<\/strong>\n<ol style=\"list-style-type:upper-alpha\" class=\"wp-block-list\">\n<li><strong>Com exercir els drets d&#039;acc\u00e9s, rectificaci\u00f3, supressi\u00f3 i portabilitat de les vostres dades, i la limitaci\u00f3 o oposici\u00f3 al vostre tractament<\/strong><br>L&#039;interessat podr\u00e0 con\u00e8ixer, modificar, o eliminar les dades que l&#039;empresa posse\u00efsca sobre la seva persona mitjan\u00e7ant correu electr\u00f2nic facilitant el seu DNI o b\u00e9 per correu postal a CARRETERA DE RUBI, 90, 08174, SANT CUGAT DEL VALL\u00c8S (BARCELONA). L&#039;interessat podr\u00e0 transferir les vostres dades a una altra entitat o b\u00e9 limitar les ja existents que l&#039;empresa posse\u00efsca sobre la vostra persona mitjan\u00e7ant correu electr\u00f2nic o b\u00e9 per correu postal a CARRETERA DE RUBI, 90, 08174, SANT CUGAT DEL VALL\u00c8S ( BARCELONA).<\/li>\n\n\n\n<li><strong>Dret a retirar el Consentiment prestat<\/strong><br>L&#039;interessat podr\u00e0 retirar les dades que l&#039;empresa t\u00e9 sobre la seva persona mitjan\u00e7ant correu electr\u00f2nic o b\u00e9 per correu postal a CARRETERA DE RUBI, 90, 08174, SANT CUGAT DEL VALL\u00c8S (BARCELONA).<\/li>\n\n\n\n<li><strong>Dret a reclamar davant de l&#039;Autoritat de Control<\/strong><br>L&#039;interessat podr\u00e0 reclamar davant l&#039;Ag\u00e8ncia Espanyola de Protecci\u00f3 de Dades sobre qualsevol incid\u00e8ncia que pugui sorgir-lo.<br><\/li>\n<\/ol>\n<\/li>\n\n\n\n<li><strong>PROCED\u00c8NCIA<\/strong>\n<ol style=\"list-style-type:upper-alpha\" class=\"wp-block-list\">\n<li><strong>Informaci\u00f3 detallada de l&#039;origen de les dades<\/strong><br>Facilitats pel propi interessat<\/li>\n\n\n\n<li><strong>Categories de dades que es tracten<\/strong><br>Nom i Cognoms<br>NIF\/DNI\/NIE<br>Direcci\u00f3<br>Imatge<br>Tel\u00e8fon<br>Email<br>Salut<br>Dades professionals dels pares o tutors<br>Lloc i data de naixement de l&#039;alumne<br><br><\/li>\n<\/ol>\n<\/li>\n<\/ol>","protected":false},"excerpt":{"rendered":"","protected":false},"author":3,"featured_media":0,"parent":0,"menu_order":0,"comment_status":"closed","ping_status":"closed","template":"","meta":{"footnotes":""},"class_list":["post-18962","page","type-page","status-publish","hentry"],"yoast_head":"<!-- This site is optimized with the Yoast SEO plugin v27.5 - https:\/\/yoast.com\/product\/yoast-seo-wordpress\/ -->\n<title>Pol\u00edtica de protecci\u00f3n de datos - CreaNova School<\/title>\n<meta name=\"robots\" content=\"index, follow, max-snippet:-1, max-image-preview:large, max-video-preview:-1\" \/>\n<link rel=\"canonical\" href=\"https:\/\/creanovaschool.com\/ca\/politica-de-proteccion-de-datos\/\" \/>\n<meta property=\"og:locale\" content=\"ca_ES\" \/>\n<meta property=\"og:type\" content=\"article\" \/>\n<meta property=\"og:title\" content=\"Pol\u00edtica de protecci\u00f3n de datos - CreaNova School\" \/>\n<meta property=\"og:url\" content=\"https:\/\/creanovaschool.com\/ca\/politica-de-proteccion-de-datos\/\" \/>\n<meta property=\"og:site_name\" content=\"CreaNova School\" \/>\n<meta property=\"article:publisher\" content=\"https:\/\/www.facebook.com\/collegi.creanova\" \/>\n<meta property=\"article:modified_time\" content=\"2025-11-18T13:20:00+00:00\" \/>\n<meta name=\"twitter:card\" content=\"summary_large_image\" \/>\n<meta name=\"twitter:site\" content=\"@CollegiCreaNova\" \/>\n<meta name=\"twitter:label1\" content=\"Temps estimat de lectura\" \/>\n\t<meta name=\"twitter:data1\" content=\"3 minuts\" \/>\n<script type=\"application\/ld+json\" class=\"yoast-schema-graph\">{\"@context\":\"https:\\\/\\\/schema.org\",\"@graph\":[{\"@type\":\"WebPage\",\"@id\":\"https:\\\/\\\/creanovaschool.com\\\/politica-de-proteccion-de-datos\\\/\",\"url\":\"https:\\\/\\\/creanovaschool.com\\\/politica-de-proteccion-de-datos\\\/\",\"name\":\"Pol\u00edtica de protecci\u00f3n de datos - CreaNova School\",\"isPartOf\":{\"@id\":\"https:\\\/\\\/creanovaschool.com\\\/#website\"},\"datePublished\":\"2023-10-09T08:56:04+00:00\",\"dateModified\":\"2025-11-18T13:20:00+00:00\",\"breadcrumb\":{\"@id\":\"https:\\\/\\\/creanovaschool.com\\\/politica-de-proteccion-de-datos\\\/#breadcrumb\"},\"inLanguage\":\"ca\",\"potentialAction\":[{\"@type\":\"ReadAction\",\"target\":[\"https:\\\/\\\/creanovaschool.com\\\/politica-de-proteccion-de-datos\\\/\"]}]},{\"@type\":\"BreadcrumbList\",\"@id\":\"https:\\\/\\\/creanovaschool.com\\\/politica-de-proteccion-de-datos\\\/#breadcrumb\",\"itemListElement\":[{\"@type\":\"ListItem\",\"position\":1,\"name\":\"Portada\",\"item\":\"https:\\\/\\\/creanovaschool.com\\\/\"},{\"@type\":\"ListItem\",\"position\":2,\"name\":\"Pol\u00edtica de protecci\u00f3n de datos\"}]},{\"@type\":\"WebSite\",\"@id\":\"https:\\\/\\\/creanovaschool.com\\\/#website\",\"url\":\"https:\\\/\\\/creanovaschool.com\\\/\",\"name\":\"CreaNova School\",\"description\":\"Learning by doing private school in Barcelona\",\"publisher\":{\"@id\":\"https:\\\/\\\/creanovaschool.com\\\/#organization\"},\"potentialAction\":[{\"@type\":\"SearchAction\",\"target\":{\"@type\":\"EntryPoint\",\"urlTemplate\":\"https:\\\/\\\/creanovaschool.com\\\/?s={search_term_string}\"},\"query-input\":{\"@type\":\"PropertyValueSpecification\",\"valueRequired\":true,\"valueName\":\"search_term_string\"}}],\"inLanguage\":\"ca\"},{\"@type\":\"Organization\",\"@id\":\"https:\\\/\\\/creanovaschool.com\\\/#organization\",\"name\":\"CreaNova School\",\"url\":\"https:\\\/\\\/creanovaschool.com\\\/\",\"logo\":{\"@type\":\"ImageObject\",\"inLanguage\":\"ca\",\"@id\":\"https:\\\/\\\/creanovaschool.com\\\/#\\\/schema\\\/logo\\\/image\\\/\",\"url\":\"https:\\\/\\\/creanovaschool.com\\\/wp-content\\\/uploads\\\/2024\\\/07\\\/Logo_Creanova_claim.png\",\"contentUrl\":\"https:\\\/\\\/creanovaschool.com\\\/wp-content\\\/uploads\\\/2024\\\/07\\\/Logo_Creanova_claim.png\",\"width\":2909,\"height\":960,\"caption\":\"CreaNova School\"},\"image\":{\"@id\":\"https:\\\/\\\/creanovaschool.com\\\/#\\\/schema\\\/logo\\\/image\\\/\"},\"sameAs\":[\"https:\\\/\\\/www.facebook.com\\\/collegi.creanova\",\"https:\\\/\\\/x.com\\\/CollegiCreaNova\",\"https:\\\/\\\/www.instagram.com\\\/collegicreanova\\\/\",\"https:\\\/\\\/www.pinterest.com\\\/collegiCreaNova\\\/\",\"https:\\\/\\\/www.youtube.com\\\/channel\\\/UCNAWIuULmSWS1gnVCYmnIIw\"]}]}<\/script>\n<!-- \/ Yoast SEO plugin. -->","yoast_head_json":{"title":"Pol\u00edtica de protecci\u00f3 de dades - CreaNova School","robots":{"index":"index","follow":"follow","max-snippet":"max-snippet:-1","max-image-preview":"max-image-preview:large","max-video-preview":"max-video-preview:-1"},"canonical":"https:\/\/creanovaschool.com\/ca\/politica-de-proteccion-de-datos\/","og_locale":"ca_ES","og_type":"article","og_title":"Pol\u00edtica de protecci\u00f3n de datos - CreaNova School","og_url":"https:\/\/creanovaschool.com\/ca\/politica-de-proteccion-de-datos\/","og_site_name":"CreaNova School","article_publisher":"https:\/\/www.facebook.com\/collegi.creanova","article_modified_time":"2025-11-18T13:20:00+00:00","twitter_card":"summary_large_image","twitter_site":"@CollegiCreaNova","twitter_misc":{"Temps estimat de lectura":"3 minuts"},"schema":{"@context":"https:\/\/schema.org","@graph":[{"@type":"WebPage","@id":"https:\/\/creanovaschool.com\/politica-de-proteccion-de-datos\/","url":"https:\/\/creanovaschool.com\/politica-de-proteccion-de-datos\/","name":"Pol\u00edtica de protecci\u00f3 de dades - CreaNova School","isPartOf":{"@id":"https:\/\/creanovaschool.com\/#website"},"datePublished":"2023-10-09T08:56:04+00:00","dateModified":"2025-11-18T13:20:00+00:00","breadcrumb":{"@id":"https:\/\/creanovaschool.com\/politica-de-proteccion-de-datos\/#breadcrumb"},"inLanguage":"ca","potentialAction":[{"@type":"ReadAction","target":["https:\/\/creanovaschool.com\/politica-de-proteccion-de-datos\/"]}]},{"@type":"BreadcrumbList","@id":"https:\/\/creanovaschool.com\/politica-de-proteccion-de-datos\/#breadcrumb","itemListElement":[{"@type":"ListItem","position":1,"name":"Portada","item":"https:\/\/creanovaschool.com\/"},{"@type":"ListItem","position":2,"name":"Pol\u00edtica de protecci\u00f3n de datos"}]},{"@type":"WebSite","@id":"https:\/\/creanovaschool.com\/#website","url":"https:\/\/creanovaschool.com\/","name":"CreaNova School","description":"Learning by doing private school in Barcelona","publisher":{"@id":"https:\/\/creanovaschool.com\/#organization"},"potentialAction":[{"@type":"SearchAction","target":{"@type":"EntryPoint","urlTemplate":"https:\/\/creanovaschool.com\/?s={search_term_string}"},"query-input":{"@type":"PropertyValueSpecification","valueRequired":true,"valueName":"search_term_string"}}],"inLanguage":"ca"},{"@type":"Organization","@id":"https:\/\/creanovaschool.com\/#organization","name":"CreaNova School","url":"https:\/\/creanovaschool.com\/","logo":{"@type":"ImageObject","inLanguage":"ca","@id":"https:\/\/creanovaschool.com\/#\/schema\/logo\/image\/","url":"https:\/\/creanovaschool.com\/wp-content\/uploads\/2024\/07\/Logo_Creanova_claim.png","contentUrl":"https:\/\/creanovaschool.com\/wp-content\/uploads\/2024\/07\/Logo_Creanova_claim.png","width":2909,"height":960,"caption":"CreaNova School"},"image":{"@id":"https:\/\/creanovaschool.com\/#\/schema\/logo\/image\/"},"sameAs":["https:\/\/www.facebook.com\/collegi.creanova","https:\/\/x.com\/CollegiCreaNova","https:\/\/www.instagram.com\/collegicreanova\/","https:\/\/www.pinterest.com\/collegiCreaNova\/","https:\/\/www.youtube.com\/channel\/UCNAWIuULmSWS1gnVCYmnIIw"]}]}},"_links":{"self":[{"href":"https:\/\/creanovaschool.com\/ca\/wp-json\/wp\/v2\/pages\/18962","targetHints":{"allow":["GET"]}}],"collection":[{"href":"https:\/\/creanovaschool.com\/ca\/wp-json\/wp\/v2\/pages"}],"about":[{"href":"https:\/\/creanovaschool.com\/ca\/wp-json\/wp\/v2\/types\/page"}],"author":[{"embeddable":true,"href":"https:\/\/creanovaschool.com\/ca\/wp-json\/wp\/v2\/users\/3"}],"replies":[{"embeddable":true,"href":"https:\/\/creanovaschool.com\/ca\/wp-json\/wp\/v2\/comments?post=18962"}],"version-history":[{"count":7,"href":"https:\/\/creanovaschool.com\/ca\/wp-json\/wp\/v2\/pages\/18962\/revisions"}],"predecessor-version":[{"id":25518,"href":"https:\/\/creanovaschool.com\/ca\/wp-json\/wp\/v2\/pages\/18962\/revisions\/25518"}],"wp:attachment":[{"href":"https:\/\/creanovaschool.com\/ca\/wp-json\/wp\/v2\/media?parent=18962"}],"curies":[{"name":"wp","href":"https:\/\/api.w.org\/{rel}","templated":true}]}}