{"id":25021,"date":"2025-04-14T14:23:41","date_gmt":"2025-04-14T13:23:41","guid":{"rendered":"https:\/\/creanovaschool.com\/?page_id=25021"},"modified":"2026-04-14T18:38:04","modified_gmt":"2026-04-14T17:38:04","slug":"campamento-verano","status":"publish","type":"page","link":"https:\/\/creanovaschool.com\/ca\/campamento-verano\/","title":{"rendered":"Summer Camp 2025 + Creanova"},"content":{"rendered":"<div data-elementor-type=\"wp-page\" data-elementor-id=\"25021\" class=\"elementor elementor-25021\" data-elementor-post-type=\"page\">\n\t\t\t\t\t\t<section class=\"elementor-section elementor-top-section elementor-element elementor-element-4e547cd elementor-section-height-min-height elementor-section-items-bottom elementor-section-content-middle elementor-section-boxed elementor-section-height-default\" data-id=\"4e547cd\" data-element_type=\"section\" data-e-type=\"section\" data-settings=\"{&quot;background_background&quot;:&quot;classic&quot;}\">\n\t\t\t\t\t\t\t<div class=\"elementor-background-overlay\"><\/div>\n\t\t\t\t\t\t\t<div class=\"elementor-container elementor-column-gap-default\">\n\t\t\t\t\t<div class=\"elementor-column elementor-col-100 elementor-top-column elementor-element elementor-element-7ae9eb1\" data-id=\"7ae9eb1\" data-element_type=\"column\" data-e-type=\"column\">\n\t\t\t<div class=\"elementor-widget-wrap elementor-element-populated\">\n\t\t\t\t\t\t<div class=\"elementor-element elementor-element-2f456a3 elementor-widget elementor-widget-image\" data-id=\"2f456a3\" data-element_type=\"widget\" data-e-type=\"widget\" data-widget_type=\"image.default\">\n\t\t\t\t<div class=\"elementor-widget-container\">\n\t\t\t\t\t\t\t\t\t\t\t\t\t\t\t<img fetchpriority=\"high\" decoding=\"async\" width=\"400\" height=\"226\" src=\"https:\/\/creanovaschool.com\/wp-content\/uploads\/2024\/07\/Logo_Creanova_negativo-1.png\" class=\"attachment-large size-large wp-image-20116\" alt=\"\" srcset=\"https:\/\/creanovaschool.com\/wp-content\/uploads\/2024\/07\/Logo_Creanova_negativo-1.png 400w, https:\/\/creanovaschool.com\/wp-content\/uploads\/2024\/07\/Logo_Creanova_negativo-1-300x170.png 300w\" sizes=\"(max-width: 400px) 100vw, 400px\" \/>\t\t\t\t\t\t\t\t\t\t\t\t\t\t\t<\/div>\n\t\t\t\t<\/div>\n\t\t\t\t\t<\/div>\n\t\t<\/div>\n\t\t\t\t\t<\/div>\n\t\t<\/section>\n\t\t\t\t<section class=\"elementor-section elementor-top-section elementor-element elementor-element-1894758 elementor-section-boxed elementor-section-height-default elementor-section-height-default\" data-id=\"1894758\" data-element_type=\"section\" data-e-type=\"section\">\n\t\t\t\t\t\t<div class=\"elementor-container elementor-column-gap-default\">\n\t\t\t\t\t<div class=\"elementor-column elementor-col-100 elementor-top-column elementor-element elementor-element-6f3cc0d\" data-id=\"6f3cc0d\" data-element_type=\"column\" data-e-type=\"column\">\n\t\t\t<div class=\"elementor-widget-wrap elementor-element-populated\">\n\t\t\t\t\t\t<div class=\"elementor-element elementor-element-407e0e6 elementor-widget elementor-widget-image\" data-id=\"407e0e6\" data-element_type=\"widget\" data-e-type=\"widget\" data-widget_type=\"image.default\">\n\t\t\t\t<div class=\"elementor-widget-container\">\n\t\t\t\t\t\t\t\t\t\t\t\t\t\t\t<img decoding=\"async\" width=\"800\" height=\"266\" src=\"https:\/\/creanovaschool.com\/wp-content\/uploads\/2024\/08\/Mesa-de-trabajo-93-copia-10.svg\" class=\"attachment-large size-large wp-image-20952\" alt=\"\" \/>\t\t\t\t\t\t\t\t\t\t\t\t\t\t\t<\/div>\n\t\t\t\t<\/div>\n\t\t\t\t<div class=\"elementor-element elementor-element-c3cd11d elementor-widget elementor-widget-heading\" data-id=\"c3cd11d\" data-element_type=\"widget\" data-e-type=\"widget\" data-widget_type=\"heading.default\">\n\t\t\t\t<div class=\"elementor-widget-container\">\n\t\t\t\t\t<h1 class=\"elementor-heading-title elementor-size-default\">Casal d'Estiu 2026 a Creanova School<\/h1>\t\t\t\t<\/div>\n\t\t\t\t<\/div>\n\t\t\t\t<div class=\"elementor-element elementor-element-5feaa3b elementor-widget__width-initial elementor-widget elementor-widget-text-editor\" data-id=\"5feaa3b\" data-element_type=\"widget\" data-e-type=\"widget\" data-widget_type=\"text-editor.default\">\n\t\t\t\t<div class=\"elementor-widget-container\">\n\t\t\t\t\t\t\t\t\t<p><strong>Del 22 de juny al 31 de juliol<\/strong><\/p><p>D&#039;INF3 a 6\u00e8 de Prim\u00e0ria<\/p>\t\t\t\t\t\t\t\t<\/div>\n\t\t\t\t<\/div>\n\t\t\t\t<div class=\"elementor-element elementor-element-571e955 elementor-mobile-align-center elementor-align-center elementor-widget elementor-widget-button\" data-id=\"571e955\" data-element_type=\"widget\" data-e-type=\"widget\" data-widget_type=\"button.default\">\n\t\t\t\t<div class=\"elementor-widget-container\">\n\t\t\t\t\t\t\t\t\t<div class=\"elementor-button-wrapper\">\n\t\t\t\t\t<a class=\"elementor-button elementor-button-link elementor-size-sm\" href=\"#form\">\n\t\t\t\t\t\t<span class=\"elementor-button-content-wrapper\">\n\t\t\t\t\t\t\t\t\t<span class=\"elementor-button-text\">Reserva la teva pla\u00e7a ara!<\/span>\n\t\t\t\t\t<\/span>\n\t\t\t\t\t<\/a>\n\t\t\t\t<\/div>\n\t\t\t\t\t\t\t\t<\/div>\n\t\t\t\t<\/div>\n\t\t\t\t\t<\/div>\n\t\t<\/div>\n\t\t\t\t\t<\/div>\n\t\t<\/section>\n\t\t\t\t<section class=\"elementor-section elementor-top-section elementor-element elementor-element-e2ccd91 elementor-section-boxed elementor-section-height-default elementor-section-height-default\" data-id=\"e2ccd91\" data-element_type=\"section\" data-e-type=\"section\" data-settings=\"{&quot;background_background&quot;:&quot;classic&quot;}\">\n\t\t\t\t\t\t<div class=\"elementor-container elementor-column-gap-default\">\n\t\t\t\t\t<div class=\"elementor-column elementor-col-50 elementor-top-column elementor-element elementor-element-9185888\" data-id=\"9185888\" data-element_type=\"column\" data-e-type=\"column\">\n\t\t\t<div class=\"elementor-widget-wrap elementor-element-populated\">\n\t\t\t\t\t\t<div class=\"elementor-element elementor-element-1b61723 elementor-widget elementor-widget-image\" data-id=\"1b61723\" data-element_type=\"widget\" data-e-type=\"widget\" data-widget_type=\"image.default\">\n\t\t\t\t<div class=\"elementor-widget-container\">\n\t\t\t\t\t\t\t\t\t\t\t\t\t\t\t<img decoding=\"async\" width=\"800\" height=\"266\" src=\"https:\/\/creanovaschool.com\/wp-content\/uploads\/2024\/08\/Mesa-de-trabajo-93-copia-8.svg\" class=\"attachment-large size-large wp-image-20950\" alt=\"CreaNova Forma 1\" \/>\t\t\t\t\t\t\t\t\t\t\t\t\t\t\t<\/div>\n\t\t\t\t<\/div>\n\t\t\t\t<div class=\"elementor-element elementor-element-d189cac elementor-widget elementor-widget-heading\" data-id=\"d189cac\" data-element_type=\"widget\" data-e-type=\"widget\" data-widget_type=\"heading.default\">\n\t\t\t\t<div class=\"elementor-widget-container\">\n\t\t\t\t\t<h2 class=\"elementor-heading-title elementor-size-default\">Un estiu ple de diversi\u00f3, aprenentatge i aventures<\/h2>\t\t\t\t<\/div>\n\t\t\t\t<\/div>\n\t\t\t\t<div class=\"elementor-element elementor-element-8f81a48 elementor-widget elementor-widget-text-editor\" data-id=\"8f81a48\" data-element_type=\"widget\" data-e-type=\"widget\" data-widget_type=\"text-editor.default\">\n\t\t\t\t<div class=\"elementor-widget-container\">\n\t\t\t\t\t\t\t\t\t<p>El nostre<strong> campament d&#039;estiu biling\u00fce<\/strong> (50% en angl\u00e8s) ofereix <strong>setmanes tem\u00e0tiques<\/strong> com Harry Potter, exploraci\u00f3 espacial, volta al m\u00f3n i moltes m\u00e9s. Un <strong>entorn din\u00e0mic amb activitats l\u00fadiques, educatives i esportives<\/strong>, dissenyat per a nens i nenes d&#039;Infantil i Prim\u00e0ria.<\/p>\t\t\t\t\t\t\t\t<\/div>\n\t\t\t\t<\/div>\n\t\t\t\t<div class=\"elementor-element elementor-element-ef0fec3 elementor-mobile-align-center elementor-widget elementor-widget-button\" data-id=\"ef0fec3\" data-element_type=\"widget\" data-e-type=\"widget\" data-widget_type=\"button.default\">\n\t\t\t\t<div class=\"elementor-widget-container\">\n\t\t\t\t\t\t\t\t\t<div class=\"elementor-button-wrapper\">\n\t\t\t\t\t<a class=\"elementor-button elementor-button-link elementor-size-sm\" href=\"#form\">\n\t\t\t\t\t\t<span class=\"elementor-button-content-wrapper\">\n\t\t\t\t\t\t\t\t\t<span class=\"elementor-button-text\">M'interessa!<\/span>\n\t\t\t\t\t<\/span>\n\t\t\t\t\t<\/a>\n\t\t\t\t<\/div>\n\t\t\t\t\t\t\t\t<\/div>\n\t\t\t\t<\/div>\n\t\t\t\t\t<\/div>\n\t\t<\/div>\n\t\t\t\t<div class=\"elementor-column elementor-col-50 elementor-top-column elementor-element elementor-element-e097617\" data-id=\"e097617\" data-element_type=\"column\" data-e-type=\"column\">\n\t\t\t<div class=\"elementor-widget-wrap elementor-element-populated\">\n\t\t\t\t\t\t<div class=\"elementor-element elementor-element-c999b2f elementor-widget elementor-widget-image\" data-id=\"c999b2f\" data-element_type=\"widget\" data-e-type=\"widget\" data-widget_type=\"image.default\">\n\t\t\t\t<div class=\"elementor-widget-container\">\n\t\t\t\t\t\t\t\t\t\t\t\t\t\t\t<img loading=\"lazy\" decoding=\"async\" width=\"800\" height=\"456\" src=\"https:\/\/creanovaschool.com\/wp-content\/uploads\/2025\/04\/ninos-corriendo-campamento-verano-creanova.png\" class=\"attachment-large size-large wp-image-25028\" alt=\"Creanova School Sant Cugat. Learning by doing. educaci\u00f3n innovadora en Sant Cugat. Colegio privado Montesori. Colegio internacional Infantil, ESO, Primaria, Bachillerato.Inteligencia Artificial. Aleks. Labster. Pedagog\u00eda Montessori. Diploma Dual\" srcset=\"https:\/\/creanovaschool.com\/wp-content\/uploads\/2025\/04\/ninos-corriendo-campamento-verano-creanova.png 996w, https:\/\/creanovaschool.com\/wp-content\/uploads\/2025\/04\/ninos-corriendo-campamento-verano-creanova-300x171.png 300w, https:\/\/creanovaschool.com\/wp-content\/uploads\/2025\/04\/ninos-corriendo-campamento-verano-creanova-768x438.png 768w, https:\/\/creanovaschool.com\/wp-content\/uploads\/2025\/04\/ninos-corriendo-campamento-verano-creanova-18x10.png 18w\" sizes=\"(max-width: 800px) 100vw, 800px\" \/>\t\t\t\t\t\t\t\t\t\t\t\t\t\t\t<\/div>\n\t\t\t\t<\/div>\n\t\t\t\t\t<\/div>\n\t\t<\/div>\n\t\t\t\t\t<\/div>\n\t\t<\/section>\n\t\t\t\t<section class=\"elementor-section elementor-top-section elementor-element elementor-element-970bfc3 elementor-section-boxed elementor-section-height-default elementor-section-height-default\" data-id=\"970bfc3\" data-element_type=\"section\" data-e-type=\"section\">\n\t\t\t\t\t\t<div class=\"elementor-container elementor-column-gap-default\">\n\t\t\t\t\t<div class=\"elementor-column elementor-col-50 elementor-top-column elementor-element elementor-element-7498767\" data-id=\"7498767\" data-element_type=\"column\" data-e-type=\"column\">\n\t\t\t<div class=\"elementor-widget-wrap elementor-element-populated\">\n\t\t\t\t\t\t<div class=\"elementor-element elementor-element-20274d8 elementor-hidden-mobile elementor-widget elementor-widget-image-carousel\" data-id=\"20274d8\" data-element_type=\"widget\" data-e-type=\"widget\" data-settings=\"{&quot;slides_to_show&quot;:&quot;1&quot;,&quot;navigation&quot;:&quot;none&quot;,&quot;autoplay_speed&quot;:3000,&quot;autoplay&quot;:&quot;yes&quot;,&quot;pause_on_hover&quot;:&quot;yes&quot;,&quot;pause_on_interaction&quot;:&quot;yes&quot;,&quot;infinite&quot;:&quot;yes&quot;,&quot;effect&quot;:&quot;slide&quot;,&quot;speed&quot;:500}\" data-widget_type=\"image-carousel.default\">\n\t\t\t\t<div class=\"elementor-widget-container\">\n\t\t\t\t\t\t\t<div class=\"elementor-image-carousel-wrapper swiper\" role=\"region\" aria-roledescription=\"carousel\" aria-label=\"Carrusel d&#039;imatges\" dir=\"ltr\">\n\t\t\t<div class=\"elementor-image-carousel swiper-wrapper\" aria-live=\"off\">\n\t\t\t\t\t\t\t\t<div class=\"swiper-slide\" role=\"group\" aria-roledescription=\"slide\" aria-label=\"1 de 8\" data-no-translation-aria-label=\"\"><figure class=\"swiper-slide-inner\"><img decoding=\"async\" class=\"swiper-slide-image\" src=\"https:\/\/creanovaschool.com\/wp-content\/uploads\/2025\/04\/Juegos-Populares.png\" alt=\"Creanova School Sant Cugat. Learning by doing. educaci\u00f3n innovadora en Sant Cugat. Colegio privado Montesori. Colegio internacional Infantil, ESO, Primaria, Bachillerato.Inteligencia Artificial. Aleks. Labster. Pedagog\u00eda Montessori. Diploma Dual\" \/><\/figure><\/div><div class=\"swiper-slide\" role=\"group\" aria-roledescription=\"slide\" aria-label=\"2 de 8\" data-no-translation-aria-label=\"\"><figure class=\"swiper-slide-inner\"><img decoding=\"async\" class=\"swiper-slide-image\" src=\"https:\/\/creanovaschool.com\/wp-content\/uploads\/2025\/04\/Magia-y-Hechiceria.png\" alt=\"Creanova School Sant Cugat. Learning by doing. educaci\u00f3n innovadora en Sant Cugat. Colegio privado Montesori. Colegio internacional Infantil, ESO, Primaria, Bachillerato.Inteligencia Artificial. Aleks. Labster. Pedagog\u00eda Montessori. Diploma Dual\" \/><\/figure><\/div><div class=\"swiper-slide\" role=\"group\" aria-roledescription=\"slide\" aria-label=\"3 de 8\" data-no-translation-aria-label=\"\"><figure class=\"swiper-slide-inner\"><img decoding=\"async\" class=\"swiper-slide-image\" src=\"https:\/\/creanovaschool.com\/wp-content\/uploads\/2025\/04\/Mesa-de-trabajo-1.png\" alt=\"Creanova School Sant Cugat. Learning by doing. educaci\u00f3n innovadora en Sant Cugat. Colegio privado Montesori. Colegio internacional Infantil, ESO, Primaria, Bachillerato.Inteligencia Artificial. Aleks. Labster. Pedagog\u00eda Montessori. Diploma Dual\" \/><\/figure><\/div><div class=\"swiper-slide\" role=\"group\" aria-roledescription=\"slide\" aria-label=\"4 de 8\" data-no-translation-aria-label=\"\"><figure class=\"swiper-slide-inner\"><img decoding=\"async\" class=\"swiper-slide-image\" src=\"https:\/\/creanovaschool.com\/wp-content\/uploads\/2025\/04\/Cientificos-en-el-Espacio.png\" alt=\"Ni\u00f1a jugando con cohete de cart\u00f3n en la semana de ciencia y espacio en Creanova.Creanova School Sant Cugat. Learning by doing. educaci\u00f3n innovadora en Sant Cugat. Colegio privado Montesori. Colegio internacional Infantil, ESO, Primaria, Bachillerato.Inteligencia Artificial. Aleks. Labster. Pedagog\u00eda Montessori. Diploma Dual\" \/><\/figure><\/div><div class=\"swiper-slide\" role=\"group\" aria-roledescription=\"slide\" aria-label=\"5 de 8\" data-no-translation-aria-label=\"\"><figure class=\"swiper-slide-inner\"><img decoding=\"async\" class=\"swiper-slide-image\" src=\"https:\/\/creanovaschool.com\/wp-content\/uploads\/2025\/04\/Festival-de-Musica-y-Artes.png\" alt=\"Creanova School Sant Cugat. Learning by doing. educaci\u00f3n innovadora en Sant Cugat. Colegio privado Montesori. Colegio internacional Infantil, ESO, Primaria, Bachillerato.Inteligencia Artificial. Aleks. Labster. Pedagog\u00eda Montessori. Diploma Dual\" \/><\/figure><\/div><div class=\"swiper-slide\" role=\"group\" aria-roledescription=\"slide\" aria-label=\"6 de 8\" data-no-translation-aria-label=\"\"><figure class=\"swiper-slide-inner\"><img decoding=\"async\" class=\"swiper-slide-image\" src=\"https:\/\/creanovaschool.com\/wp-content\/uploads\/2025\/04\/Heroes-y-Villanos.png\" alt=\"Creanova School Sant Cugat. Learning by doing. educaci\u00f3n innovadora en Sant Cugat. Colegio privado Montesori. Colegio internacional Infantil, ESO, Primaria, Bachillerato.Inteligencia Artificial. Aleks. Labster. Pedagog\u00eda Montessori. Diploma Dual\" \/><\/figure><\/div><div class=\"swiper-slide\" role=\"group\" aria-roledescription=\"slide\" aria-label=\"7 de 8\" data-no-translation-aria-label=\"\"><figure class=\"swiper-slide-inner\"><img decoding=\"async\" class=\"swiper-slide-image\" src=\"https:\/\/creanovaschool.com\/wp-content\/uploads\/2025\/04\/Somos-Profesionales.png\" alt=\"Creanova School Sant Cugat. Learning by doing. educaci\u00f3n innovadora en Sant Cugat. Colegio privado Montesori. Colegio internacional Infantil, ESO, Primaria, Bachillerato.Inteligencia Artificial. Aleks. Labster. Pedagog\u00eda Montessori. Diploma Dual\" \/><\/figure><\/div><div class=\"swiper-slide\" role=\"group\" aria-roledescription=\"slide\" aria-label=\"8 de 8\" data-no-translation-aria-label=\"\"><figure class=\"swiper-slide-inner\"><img decoding=\"async\" class=\"swiper-slide-image\" src=\"https:\/\/creanovaschool.com\/wp-content\/uploads\/2025\/04\/Vuelta-al-Mundo.png\" alt=\"Creanova School Sant Cugat. Learning by doing. educaci\u00f3n innovadora en Sant Cugat. Colegio privado Montesori. Colegio internacional Infantil, ESO, Primaria, Bachillerato\" \/><\/figure><\/div>\t\t\t<\/div>\n\t\t\t\t\t\t\t\n\t\t\t\t\t\t\t\t\t<\/div>\n\t\t\t\t\t\t<\/div>\n\t\t\t\t<\/div>\n\t\t\t\t\t<\/div>\n\t\t<\/div>\n\t\t\t\t<div class=\"elementor-column elementor-col-50 elementor-top-column elementor-element elementor-element-f54df94\" data-id=\"f54df94\" data-element_type=\"column\" data-e-type=\"column\">\n\t\t\t<div class=\"elementor-widget-wrap elementor-element-populated\">\n\t\t\t\t\t\t<div class=\"elementor-element elementor-element-8fa9acb elementor-widget elementor-widget-image\" data-id=\"8fa9acb\" data-element_type=\"widget\" data-e-type=\"widget\" data-widget_type=\"image.default\">\n\t\t\t\t<div class=\"elementor-widget-container\">\n\t\t\t\t\t\t\t\t\t\t\t\t\t\t\t<img loading=\"lazy\" decoding=\"async\" width=\"800\" height=\"266\" src=\"https:\/\/creanovaschool.com\/wp-content\/uploads\/2024\/08\/Mesa-de-trabajo-93-copia-12.svg\" class=\"attachment-large size-large wp-image-20953\" alt=\"\" \/>\t\t\t\t\t\t\t\t\t\t\t\t\t\t\t<\/div>\n\t\t\t\t<\/div>\n\t\t\t\t<div class=\"elementor-element elementor-element-1edfeec elementor-widget elementor-widget-heading\" data-id=\"1edfeec\" data-element_type=\"widget\" data-e-type=\"widget\" data-widget_type=\"heading.default\">\n\t\t\t\t<div class=\"elementor-widget-container\">\n\t\t\t\t\t<h2 class=\"elementor-heading-title elementor-size-default\">Tem\u00e0tiques per Setmana<\/h2>\t\t\t\t<\/div>\n\t\t\t\t<\/div>\n\t\t\t\t<div class=\"elementor-element elementor-element-7e40b3d elementor-widget elementor-widget-text-editor\" data-id=\"7e40b3d\" data-element_type=\"widget\" data-e-type=\"widget\" data-widget_type=\"text-editor.default\">\n\t\t\t\t<div class=\"elementor-widget-container\">\n\t\t\t\t\t\t\t\t\t<ul><li><div class=\"elementor-tab-title\"><strong>Setmana 1: Tornada al M\u00f3n<\/strong><\/div><div class=\"elementor-tab-content\">Viatja pels 5 continents amb passaport i mapa mundi.<\/div><\/li><li><div class=\"elementor-tab-title\"><strong>Setmana 2: M\u00e0gia i Feiticeria<\/strong><\/div><div class=\"elementor-tab-content\">Viu l&#039;experi\u00e8ncia de Hogwarts amb pocions, Quidditch i criatures m\u00e0giques.<\/div><\/li><li><div class=\"elementor-tab-title\"><strong>Setmana 3: Cient\u00edfics a l&#039;Espai<\/strong><\/div><div class=\"elementor-tab-content\">Explora l&#039;univers amb experiments, missions a Mart i coets de paper.<\/div><\/li><li><div class=\"elementor-tab-title\"><strong>Setmana 4: Som Professionals<\/strong><\/div><div class=\"elementor-tab-content\">Bombers i bomberes, metges i metgesses, enginyers i enginyeres, detectius i detectives\u2026 cada dia una professi\u00f3 diferent!<\/div><\/li><li><div class=\"elementor-tab-title\"><strong>Setmana 5: Herois i Villanos<\/strong><\/div><div class=\"elementor-tab-content\">Dissenya la teva identitat secreta, entrena els teus poders i viu una batalla \u00e8pica.<\/div><\/li><li><div class=\"elementor-tab-title\"><strong>Setmana 6: Festival de M\u00fasica i Arts<\/strong><\/div><div class=\"elementor-tab-content\">Crea el teu propi festival amb coreografies, murals i xous musicals.<\/div><\/li><li><div class=\"elementor-tab-title\"><strong>Setmana 7: Jocs Populars<\/strong><\/div><div class=\"elementor-tab-content\">Rayuela, pesca d&#039;aneguets, jocs de fira i diversi\u00f3 tradicional.<\/div><\/li><\/ul>\t\t\t\t\t\t\t\t<\/div>\n\t\t\t\t<\/div>\n\t\t\t\t<div class=\"elementor-element elementor-element-a8553d4 elementor-mobile-align-center elementor-widget elementor-widget-button\" data-id=\"a8553d4\" data-element_type=\"widget\" data-e-type=\"widget\" data-widget_type=\"button.default\">\n\t\t\t\t<div class=\"elementor-widget-container\">\n\t\t\t\t\t\t\t\t\t<div class=\"elementor-button-wrapper\">\n\t\t\t\t\t<a class=\"elementor-button elementor-button-link elementor-size-sm\" href=\"#elementor-action%3Aaction%3Dpopup%3Aopen%26settings%3DeyJpZCI6IjI1MTI1IiwidG9nZ2xlIjpmYWxzZX0%3D\" target=\"_blank\">\n\t\t\t\t\t\t<span class=\"elementor-button-content-wrapper\">\n\t\t\t\t\t\t\t\t\t<span class=\"elementor-button-text\">Veure tota la programaci\u00f3<\/span>\n\t\t\t\t\t<\/span>\n\t\t\t\t\t<\/a>\n\t\t\t\t<\/div>\n\t\t\t\t\t\t\t\t<\/div>\n\t\t\t\t<\/div>\n\t\t\t\t\t<\/div>\n\t\t<\/div>\n\t\t\t\t\t<\/div>\n\t\t<\/section>\n\t\t\t\t<section class=\"elementor-section elementor-top-section elementor-element elementor-element-5763853 elementor-section-boxed elementor-section-height-default elementor-section-height-default\" data-id=\"5763853\" data-element_type=\"section\" data-e-type=\"section\" data-settings=\"{&quot;background_background&quot;:&quot;classic&quot;}\">\n\t\t\t\t\t\t<div class=\"elementor-container elementor-column-gap-default\">\n\t\t\t\t\t<div class=\"elementor-column elementor-col-50 elementor-top-column elementor-element elementor-element-5761e94\" data-id=\"5761e94\" data-element_type=\"column\" data-e-type=\"column\">\n\t\t\t<div class=\"elementor-widget-wrap elementor-element-populated\">\n\t\t\t\t\t\t<div class=\"elementor-element elementor-element-479d4a8 elementor-widget elementor-widget-image\" data-id=\"479d4a8\" data-element_type=\"widget\" data-e-type=\"widget\" data-widget_type=\"image.default\">\n\t\t\t\t<div class=\"elementor-widget-container\">\n\t\t\t\t\t\t\t\t\t\t\t\t\t\t\t<img decoding=\"async\" width=\"800\" height=\"266\" src=\"https:\/\/creanovaschool.com\/wp-content\/uploads\/2024\/08\/Mesa-de-trabajo-93-copia-8.svg\" class=\"attachment-large size-large wp-image-20950\" alt=\"CreaNova Forma 1\" \/>\t\t\t\t\t\t\t\t\t\t\t\t\t\t\t<\/div>\n\t\t\t\t<\/div>\n\t\t\t\t<div class=\"elementor-element elementor-element-3e274da elementor-widget elementor-widget-heading\" data-id=\"3e274da\" data-element_type=\"widget\" data-e-type=\"widget\" data-widget_type=\"heading.default\">\n\t\t\t\t<div class=\"elementor-widget-container\">\n\t\t\t\t\t<h2 class=\"elementor-heading-title elementor-size-default\">Horaris i Preus<\/h2>\t\t\t\t<\/div>\n\t\t\t\t<\/div>\n\t\t\t\t<div class=\"elementor-element elementor-element-00901bb elementor-widget elementor-widget-text-editor\" data-id=\"00901bb\" data-element_type=\"widget\" data-e-type=\"widget\" data-widget_type=\"text-editor.default\">\n\t\t\t\t<div class=\"elementor-widget-container\">\n\t\t\t\t\t\t\t\t\t<table>\n<thead>\n<tr>\n<th>Horari<\/th>\n<th>Preu Setmana<\/th>\n<th>Preu Dia<\/th>\n<\/tr>\n<\/thead>\n<tbody>\n<tr>\n<td>9:00 a 14:00 (sense menjar)<\/td>\n<td>135\u20ac (Setmana 1: 108\u20ac)<\/td>\n<td>30\u20ac<\/td>\n<\/tr>\n<tr>\n<td>9:00 a 16:00 (amb dinar)<\/td>\n<td>192\u20ac (Setmana 1: 153\u20ac)<\/td>\n<td>40\u20ac<\/td>\n<\/tr>\n<tr>\n<td>Ampliaci\u00f3 8:00-9:00<\/td>\n<td>+25\u20ac\/setmana<\/td>\n<td>\u2014<\/td>\n<\/tr>\n<\/tbody>\n<\/table>\n<p><strong>Inclou monitors qualificats, materials, programaci\u00f3 tem\u00e0tica, asseguran\u00e7a, gesti\u00f3 i seguiment individualitzat.<\/strong><\/p>\t\t\t\t\t\t\t\t<\/div>\n\t\t\t\t<\/div>\n\t\t\t\t\t<\/div>\n\t\t<\/div>\n\t\t\t\t<div class=\"elementor-column elementor-col-50 elementor-top-column elementor-element elementor-element-5fb4bb5\" data-id=\"5fb4bb5\" data-element_type=\"column\" data-e-type=\"column\">\n\t\t\t<div class=\"elementor-widget-wrap elementor-element-populated\">\n\t\t\t\t\t\t<div class=\"elementor-element elementor-element-6d4c4e5 elementor-widget elementor-widget-image\" data-id=\"6d4c4e5\" data-element_type=\"widget\" data-e-type=\"widget\" data-widget_type=\"image.default\">\n\t\t\t\t<div class=\"elementor-widget-container\">\n\t\t\t\t\t\t\t\t\t\t\t\t\t\t\t<img loading=\"lazy\" decoding=\"async\" width=\"800\" height=\"456\" src=\"https:\/\/creanovaschool.com\/wp-content\/uploads\/2025\/04\/ninos-globos-parque-campamento-verano-creanova.png\" class=\"attachment-large size-large wp-image-25030\" alt=\"Creanova School Sant Cugat. Learning by doing. educaci\u00f3n innovadora en Sant Cugat. Colegio privado Montesori. Colegio internacional Infantil, ESO, Primaria, Bachillerato.Inteligencia Artificial. Aleks. Labster. Pedagog\u00eda Montessori. Diploma Dual\" srcset=\"https:\/\/creanovaschool.com\/wp-content\/uploads\/2025\/04\/ninos-globos-parque-campamento-verano-creanova.png 996w, https:\/\/creanovaschool.com\/wp-content\/uploads\/2025\/04\/ninos-globos-parque-campamento-verano-creanova-300x171.png 300w, https:\/\/creanovaschool.com\/wp-content\/uploads\/2025\/04\/ninos-globos-parque-campamento-verano-creanova-768x438.png 768w, https:\/\/creanovaschool.com\/wp-content\/uploads\/2025\/04\/ninos-globos-parque-campamento-verano-creanova-18x10.png 18w\" sizes=\"(max-width: 800px) 100vw, 800px\" \/>\t\t\t\t\t\t\t\t\t\t\t\t\t\t\t<\/div>\n\t\t\t\t<\/div>\n\t\t\t\t\t<\/div>\n\t\t<\/div>\n\t\t\t\t\t<\/div>\n\t\t<\/section>\n\t\t\t\t<section class=\"elementor-section elementor-top-section elementor-element elementor-element-6c07745 elementor-section-content-middle elementor-section-boxed elementor-section-height-default elementor-section-height-default\" data-id=\"6c07745\" data-element_type=\"section\" data-e-type=\"section\" id=\"form\" data-settings=\"{&quot;background_background&quot;:&quot;classic&quot;}\">\n\t\t\t\t\t\t<div class=\"elementor-container elementor-column-gap-no\">\n\t\t\t\t\t<div class=\"elementor-column elementor-col-100 elementor-top-column elementor-element elementor-element-5528bab\" data-id=\"5528bab\" data-element_type=\"column\" data-e-type=\"column\">\n\t\t\t<div class=\"elementor-widget-wrap elementor-element-populated\">\n\t\t\t\t\t\t<div class=\"elementor-element elementor-element-9e39534 elementor-invisible elementor-widget elementor-widget-image\" data-id=\"9e39534\" data-element_type=\"widget\" data-e-type=\"widget\" data-settings=\"{&quot;_animation&quot;:&quot;headShake&quot;}\" data-widget_type=\"image.default\">\n\t\t\t\t<div class=\"elementor-widget-container\">\n\t\t\t\t\t\t\t\t\t\t\t\t\t\t\t<img loading=\"lazy\" decoding=\"async\" width=\"800\" height=\"266\" src=\"https:\/\/creanovaschool.com\/wp-content\/uploads\/2024\/08\/Mesa-de-trabajo-93-copia-7.svg\" class=\"attachment-large size-large wp-image-20949\" alt=\"CreaNova Forma 2\" \/>\t\t\t\t\t\t\t\t\t\t\t\t\t\t\t<\/div>\n\t\t\t\t<\/div>\n\t\t\t\t<div class=\"elementor-element elementor-element-da149c2 elementor-widget elementor-widget-heading\" data-id=\"da149c2\" data-element_type=\"widget\" data-e-type=\"widget\" data-widget_type=\"heading.default\">\n\t\t\t\t<div class=\"elementor-widget-container\">\n\t\t\t\t\t<h2 class=\"elementor-heading-title elementor-size-default\">Inscripcions obertes fins al 9 de juny!<\/h2>\t\t\t\t<\/div>\n\t\t\t\t<\/div>\n\t\t\t\t<div class=\"elementor-element elementor-element-05837c8 elementor-widget__width-initial elementor-widget elementor-widget-text-editor\" data-id=\"05837c8\" data-element_type=\"widget\" data-e-type=\"widget\" data-widget_type=\"text-editor.default\">\n\t\t\t\t<div class=\"elementor-widget-container\">\n\t\t\t\t\t\t\t\t\t<p>Reserva la teva pla\u00e7a per a les setmanes que prefereixis. Campament amb aforament limitat (m\u00ednim 20 alumnes per setmana).<\/p>\t\t\t\t\t\t\t\t<\/div>\n\t\t\t\t<\/div>\n\t\t\t\t<div class=\"elementor-element elementor-element-bb79447 elementor-widget elementor-widget-shortcode\" data-id=\"bb79447\" data-element_type=\"widget\" data-e-type=\"widget\" id=\"Form\" data-widget_type=\"shortcode.default\">\n\t\t\t\t<div class=\"elementor-widget-container\">\n\t\t\t\t\t\t\t<div class=\"elementor-shortcode\">\n\n\n\n<iframe src=\"https:\/\/prod.creanovaschool.com\/ca_ES\/summercamp\" style=\"border:0px #ffffff none;\" name=\"myiFrame\" scrolling=\"no\" frameborder=\"1\" marginheight=\"0px\" marginwidth=\"0px\" height=\"900px\" width=\"600px\" allowfullscreen><\/iframe>\n<\/div>\n\t\t\t\t\t\t<\/div>\n\t\t\t\t<\/div>\n\t\t\t\t<div class=\"elementor-element elementor-element-69d3e32 elementor-widget elementor-widget-text-editor\" data-id=\"69d3e32\" data-element_type=\"widget\" data-e-type=\"widget\" data-widget_type=\"text-editor.default\">\n\t\t\t\t<div class=\"elementor-widget-container\">\n\t\t\t\t\t\t\t\t\t<p><strong>NOVACREANOVA 23, SL<\/strong> com a responsable del tractament, tractar\u00e0 les seves dades per tal de respondre a la seva sol\u00b7licitud, sent la base leg\u00edtima el seu consentiment. Els encarregats de tractament podran accedir a les vostres dades personals per al manteniment d&#039;aquesta p\u00e0gina web i\/o en els casos en qu\u00e8 hi hagi obligacions legals. Podreu exercir els drets que us assisteixen dirigint-vos a: veronica.mena@creanovaschool.com. Podeu tenir acc\u00e9s a informaci\u00f3 addicional sobre com tractem les vostres dades a la secci\u00f3 \u201cPol\u00edtica de Protecci\u00f3 de Dades\u201d, en aquesta mateixa p\u00e0gina web.<\/p>\t\t\t\t\t\t\t\t<\/div>\n\t\t\t\t<\/div>\n\t\t\t\t\t<\/div>\n\t\t<\/div>\n\t\t\t\t\t<\/div>\n\t\t<\/section>\n\t\t\t\t<section class=\"elementor-section elementor-top-section elementor-element elementor-element-f462556 elementor-section-boxed elementor-section-height-default elementor-section-height-default\" data-id=\"f462556\" data-element_type=\"section\" data-e-type=\"section\">\n\t\t\t\t\t\t<div class=\"elementor-container elementor-column-gap-default\">\n\t\t\t\t\t<div class=\"elementor-column elementor-col-100 elementor-top-column elementor-element elementor-element-6738221\" data-id=\"6738221\" data-element_type=\"column\" data-e-type=\"column\">\n\t\t\t<div class=\"elementor-widget-wrap elementor-element-populated\">\n\t\t\t\t\t\t<div class=\"elementor-element elementor-element-d3e9210 elementor-widget elementor-widget-text-editor\" data-id=\"d3e9210\" data-element_type=\"widget\" data-e-type=\"widget\" data-widget_type=\"text-editor.default\">\n\t\t\t\t<div class=\"elementor-widget-container\">\n\t\t\t\t\t\t\t\t\t<h2>Preguntes Freq\u00fcents<\/h2>\t\t\t\t\t\t\t\t<\/div>\n\t\t\t\t<\/div>\n\t\t\t\t<div class=\"elementor-element elementor-element-25ec9ea elementor-widget elementor-widget-toggle\" data-id=\"25ec9ea\" data-element_type=\"widget\" data-e-type=\"widget\" data-widget_type=\"toggle.default\">\n\t\t\t\t<div class=\"elementor-widget-container\">\n\t\t\t\t\t\t\t<div class=\"elementor-toggle\">\n\t\t\t\t\t\t\t<div class=\"elementor-toggle-item\">\n\t\t\t\t\t<div id=\"elementor-tab-title-3971\" class=\"elementor-tab-title\" data-tab=\"1\" role=\"button\" aria-controls=\"elementor-tab-content-3971\" aria-expanded=\"false\">\n\t\t\t\t\t\t\t\t\t\t\t\t<span class=\"elementor-toggle-icon elementor-toggle-icon-left\" aria-hidden=\"true\">\n\t\t\t\t\t\t\t\t\t\t\t\t\t\t\t<span class=\"elementor-toggle-icon-closed\"><i class=\"fas fa-caret-right\"><\/i><\/span>\n\t\t\t\t\t\t\t\t<span class=\"elementor-toggle-icon-opened\"><i class=\"elementor-toggle-icon-opened fas fa-caret-up\"><\/i><\/span>\n\t\t\t\t\t\t\t\t\t\t\t\t\t<\/span>\n\t\t\t\t\t\t\t\t\t\t\t\t<a class=\"elementor-toggle-title\" tabindex=\"0\">Per a quines edats \u00e9s el campament?<\/a>\n\t\t\t\t\t<\/div>\n\n\t\t\t\t\t<div id=\"elementor-tab-content-3971\" class=\"elementor-tab-content elementor-clearfix\" data-tab=\"1\" role=\"region\" aria-labelledby=\"elementor-tab-title-3971\"><p>\u00a0D&#039;INF3 a 6\u00e8 de Prim\u00e0ria.<\/p><\/div>\n\t\t\t\t<\/div>\n\t\t\t\t\t\t\t<div class=\"elementor-toggle-item\">\n\t\t\t\t\t<div id=\"elementor-tab-title-3972\" class=\"elementor-tab-title\" data-tab=\"2\" role=\"button\" aria-controls=\"elementor-tab-content-3972\" aria-expanded=\"false\">\n\t\t\t\t\t\t\t\t\t\t\t\t<span class=\"elementor-toggle-icon elementor-toggle-icon-left\" aria-hidden=\"true\">\n\t\t\t\t\t\t\t\t\t\t\t\t\t\t\t<span class=\"elementor-toggle-icon-closed\"><i class=\"fas fa-caret-right\"><\/i><\/span>\n\t\t\t\t\t\t\t\t<span class=\"elementor-toggle-icon-opened\"><i class=\"elementor-toggle-icon-opened fas fa-caret-up\"><\/i><\/span>\n\t\t\t\t\t\t\t\t\t\t\t\t\t<\/span>\n\t\t\t\t\t\t\t\t\t\t\t\t<a class=\"elementor-toggle-title\" tabindex=\"0\">Puc apuntar al meu fill\/a nom\u00e9s una setmana?<\/a>\n\t\t\t\t\t<\/div>\n\n\t\t\t\t\t<div id=\"elementor-tab-content-3972\" class=\"elementor-tab-content elementor-clearfix\" data-tab=\"2\" role=\"region\" aria-labelledby=\"elementor-tab-title-3972\"><p>S\u00ed, pots triar setmanes soltes.<\/p><\/div>\n\t\t\t\t<\/div>\n\t\t\t\t\t\t\t<div class=\"elementor-toggle-item\">\n\t\t\t\t\t<div id=\"elementor-tab-title-3973\" class=\"elementor-tab-title\" data-tab=\"3\" role=\"button\" aria-controls=\"elementor-tab-content-3973\" aria-expanded=\"false\">\n\t\t\t\t\t\t\t\t\t\t\t\t<span class=\"elementor-toggle-icon elementor-toggle-icon-left\" aria-hidden=\"true\">\n\t\t\t\t\t\t\t\t\t\t\t\t\t\t\t<span class=\"elementor-toggle-icon-closed\"><i class=\"fas fa-caret-right\"><\/i><\/span>\n\t\t\t\t\t\t\t\t<span class=\"elementor-toggle-icon-opened\"><i class=\"elementor-toggle-icon-opened fas fa-caret-up\"><\/i><\/span>\n\t\t\t\t\t\t\t\t\t\t\t\t\t<\/span>\n\t\t\t\t\t\t\t\t\t\t\t\t<a class=\"elementor-toggle-title\" tabindex=\"0\">Qu\u00e8 passa si plou?<\/a>\n\t\t\t\t\t<\/div>\n\n\t\t\t\t\t<div id=\"elementor-tab-content-3973\" class=\"elementor-tab-content elementor-clearfix\" data-tab=\"3\" role=\"region\" aria-labelledby=\"elementor-tab-title-3973\"><p>\u00a0Les activitats s&#039;adapten a espais coberts.<\/p><\/div>\n\t\t\t\t<\/div>\n\t\t\t\t\t\t\t<div class=\"elementor-toggle-item\">\n\t\t\t\t\t<div id=\"elementor-tab-title-3974\" class=\"elementor-tab-title\" data-tab=\"4\" role=\"button\" aria-controls=\"elementor-tab-content-3974\" aria-expanded=\"false\">\n\t\t\t\t\t\t\t\t\t\t\t\t<span class=\"elementor-toggle-icon elementor-toggle-icon-left\" aria-hidden=\"true\">\n\t\t\t\t\t\t\t\t\t\t\t\t\t\t\t<span class=\"elementor-toggle-icon-closed\"><i class=\"fas fa-caret-right\"><\/i><\/span>\n\t\t\t\t\t\t\t\t<span class=\"elementor-toggle-icon-opened\"><i class=\"elementor-toggle-icon-opened fas fa-caret-up\"><\/i><\/span>\n\t\t\t\t\t\t\t\t\t\t\t\t\t<\/span>\n\t\t\t\t\t\t\t\t\t\t\t\t<a class=\"elementor-toggle-title\" tabindex=\"0\">El campament \u00e9s 100% en angl\u00e8s?<\/a>\n\t\t\t\t\t<\/div>\n\n\t\t\t\t\t<div id=\"elementor-tab-content-3974\" class=\"elementor-tab-content elementor-clearfix\" data-tab=\"4\" role=\"region\" aria-labelledby=\"elementor-tab-title-3974\"><p>\u00c9s biling\u00fce amb 50% en angl\u00e8s i din\u00e0mica d&#039;immersi\u00f3.<\/p><\/div>\n\t\t\t\t<\/div>\n\t\t\t\t\t\t\t<div class=\"elementor-toggle-item\">\n\t\t\t\t\t<div id=\"elementor-tab-title-3975\" class=\"elementor-tab-title\" data-tab=\"5\" role=\"button\" aria-controls=\"elementor-tab-content-3975\" aria-expanded=\"false\">\n\t\t\t\t\t\t\t\t\t\t\t\t<span class=\"elementor-toggle-icon elementor-toggle-icon-left\" aria-hidden=\"true\">\n\t\t\t\t\t\t\t\t\t\t\t\t\t\t\t<span class=\"elementor-toggle-icon-closed\"><i class=\"fas fa-caret-right\"><\/i><\/span>\n\t\t\t\t\t\t\t\t<span class=\"elementor-toggle-icon-opened\"><i class=\"elementor-toggle-icon-opened fas fa-caret-up\"><\/i><\/span>\n\t\t\t\t\t\t\t\t\t\t\t\t\t<\/span>\n\t\t\t\t\t\t\t\t\t\t\t\t<a class=\"elementor-toggle-title\" tabindex=\"0\">Com reservo pla\u00e7a? <\/a>\n\t\t\t\t\t<\/div>\n\n\t\t\t\t\t<div id=\"elementor-tab-content-3975\" class=\"elementor-tab-content elementor-clearfix\" data-tab=\"5\" role=\"region\" aria-labelledby=\"elementor-tab-title-3975\"><p>Emplenant el formulari en l\u00ednia abans del 9 de juny.<\/p><\/div>\n\t\t\t\t<\/div>\n\t\t\t\t\t\t\t\t<\/div>\n\t\t\t\t\t\t<\/div>\n\t\t\t\t<\/div>\n\t\t\t\t\t<\/div>\n\t\t<\/div>\n\t\t\t\t\t<\/div>\n\t\t<\/section>\n\t\t\t\t<section class=\"elementor-section elementor-top-section elementor-element elementor-element-6e850e15 elementor-section-height-min-height elementor-section-content-middle elementor-section-boxed elementor-section-height-default elementor-section-items-middle\" data-id=\"6e850e15\" data-element_type=\"section\" data-e-type=\"section\">\n\t\t\t\t\t\t<div class=\"elementor-container elementor-column-gap-no\">\n\t\t\t\t\t<div class=\"elementor-column elementor-col-50 elementor-top-column elementor-element elementor-element-36be6177\" data-id=\"36be6177\" data-element_type=\"column\" data-e-type=\"column\">\n\t\t\t<div class=\"elementor-widget-wrap elementor-element-populated\">\n\t\t\t\t\t\t<div class=\"elementor-element elementor-element-574b0e58 elementor-widget elementor-widget-image\" data-id=\"574b0e58\" data-element_type=\"widget\" data-e-type=\"widget\" data-widget_type=\"image.default\">\n\t\t\t\t<div class=\"elementor-widget-container\">\n\t\t\t\t\t\t\t\t\t\t\t\t\t\t\t<img loading=\"lazy\" decoding=\"async\" width=\"566\" height=\"283\" src=\"https:\/\/creanovaschool.com\/wp-content\/uploads\/2024\/08\/Mesa-de-trabajo-93-copia-4.svg\" class=\"attachment-large size-large wp-image-20980\" alt=\"\" \/>\t\t\t\t\t\t\t\t\t\t\t\t\t\t\t<\/div>\n\t\t\t\t<\/div>\n\t\t\t\t<div class=\"elementor-element elementor-element-730e8cbb elementor-widget elementor-widget-heading\" data-id=\"730e8cbb\" data-element_type=\"widget\" data-e-type=\"widget\" data-widget_type=\"heading.default\">\n\t\t\t\t<div class=\"elementor-widget-container\">\n\t\t\t\t\t<h2 class=\"elementor-heading-title elementor-size-default\">On som?<\/h2>\t\t\t\t<\/div>\n\t\t\t\t<\/div>\n\t\t\t\t<div class=\"elementor-element elementor-element-1f9f77da elementor-widget elementor-widget-text-editor\" data-id=\"1f9f77da\" data-element_type=\"widget\" data-e-type=\"widget\" data-widget_type=\"text-editor.default\">\n\t\t\t\t<div class=\"elementor-widget-container\">\n\t\t\t\t\t\t\t\t\t<p>Carretera de Rub\u00ed, 90<br \/>Sant Cugat del Vall\u00e8s<br \/>08174 <\/p>\t\t\t\t\t\t\t\t<\/div>\n\t\t\t\t<\/div>\n\t\t\t\t<div class=\"elementor-element elementor-element-7cfab47b elementor-widget elementor-widget-button\" data-id=\"7cfab47b\" data-element_type=\"widget\" data-e-type=\"widget\" data-widget_type=\"button.default\">\n\t\t\t\t<div class=\"elementor-widget-container\">\n\t\t\t\t\t\t\t\t\t<div class=\"elementor-button-wrapper\">\n\t\t\t\t\t<a class=\"elementor-button elementor-button-link elementor-size-sm\" href=\"https:\/\/maps.app.goo.gl\/tf9hLPSDXxRQsogf7\" target=\"_blank\">\n\t\t\t\t\t\t<span class=\"elementor-button-content-wrapper\">\n\t\t\t\t\t\t<span class=\"elementor-button-icon\">\n\t\t\t\t<i aria-hidden=\"true\" class=\"fas fa-map-marked-alt\"><\/i>\t\t\t<\/span>\n\t\t\t\t\t\t\t\t\t<span class=\"elementor-button-text\">Veure Google Maps<\/span>\n\t\t\t\t\t<\/span>\n\t\t\t\t\t<\/a>\n\t\t\t\t<\/div>\n\t\t\t\t\t\t\t\t<\/div>\n\t\t\t\t<\/div>\n\t\t\t\t<div class=\"elementor-element elementor-element-39b4ba7d elementor-icon-list--layout-traditional elementor-list-item-link-full_width elementor-widget elementor-widget-icon-list\" data-id=\"39b4ba7d\" data-element_type=\"widget\" data-e-type=\"widget\" data-widget_type=\"icon-list.default\">\n\t\t\t\t<div class=\"elementor-widget-container\">\n\t\t\t\t\t\t\t<ul class=\"elementor-icon-list-items\">\n\t\t\t\t\t\t\t<li class=\"elementor-icon-list-item\">\n\t\t\t\t\t\t\t\t\t\t\t<span class=\"elementor-icon-list-icon\">\n\t\t\t\t\t\t\t<i aria-hidden=\"true\" class=\"fas fa-phone\"><\/i>\t\t\t\t\t\t<\/span>\n\t\t\t\t\t\t\t\t\t\t<span class=\"elementor-icon-list-text\">932 52 61 61<\/span>\n\t\t\t\t\t\t\t\t\t<\/li>\n\t\t\t\t\t\t\t\t<li class=\"elementor-icon-list-item\">\n\t\t\t\t\t\t\t\t\t\t\t<span class=\"elementor-icon-list-icon\">\n\t\t\t\t\t\t\t<i aria-hidden=\"true\" class=\"fas fa-envelope\"><\/i>\t\t\t\t\t\t<\/span>\n\t\t\t\t\t\t\t\t\t\t<span class=\"elementor-icon-list-text\">info@creanovaschool.com<\/span>\n\t\t\t\t\t\t\t\t\t<\/li>\n\t\t\t\t\t\t<\/ul>\n\t\t\t\t\t\t<\/div>\n\t\t\t\t<\/div>\n\t\t\t\t\t<\/div>\n\t\t<\/div>\n\t\t\t\t<div class=\"elementor-column elementor-col-50 elementor-top-column elementor-element elementor-element-29ee7ce2\" data-id=\"29ee7ce2\" data-element_type=\"column\" data-e-type=\"column\">\n\t\t\t<div class=\"elementor-widget-wrap elementor-element-populated\">\n\t\t\t\t\t\t<div class=\"elementor-element elementor-element-180e8379 elementor-widget elementor-widget-google_maps\" data-id=\"180e8379\" data-element_type=\"widget\" data-e-type=\"widget\" data-widget_type=\"google_maps.default\">\n\t\t\t\t<div class=\"elementor-widget-container\">\n\t\t\t\t\t\t\t<div class=\"elementor-custom-embed\">\n\t\t\t<iframe loading=\"lazy\"\n\t\t\t\t\tsrc=\"https:\/\/maps.google.com\/maps?q=Creanova%2C%20Sant%20Cugat&#038;t=m&#038;z=14&#038;output=embed&#038;iwloc=near\"\n\t\t\t\t\ttitle=\"Creanova, Sant Cugat\"\n\t\t\t\t\taria-label=\"Creanova, Sant Cugat\"\n\t\t\t><\/iframe>\n\t\t<\/div>\n\t\t\t\t\t\t<\/div>\n\t\t\t\t<\/div>\n\t\t\t\t\t<\/div>\n\t\t<\/div>\n\t\t\t\t\t<\/div>\n\t\t<\/section>\n\t\t\t\t<\/div>","protected":false},"excerpt":{"rendered":"<p>Summer Camp 2026 en Creanova School Del 22 de junio al 31 de Julio De INF3 a 6\u00ba de Primaria \u00a1Reserva tu plaza ahora! Un verano lleno de diversi\u00f3n, aprendizaje y aventuras Nuestro campamento de verano biling\u00fce (50% en ingl\u00e9s) ofrece semanas tem\u00e1ticas como Harry Potter, exploraci\u00f3n espacial, vuelta al mundo y muchas m\u00e1s. Un [&hellip;]<\/p>\n","protected":false},"author":3,"featured_media":25023,"parent":0,"menu_order":0,"comment_status":"closed","ping_status":"closed","template":"","meta":{"footnotes":""},"class_list":["post-25021","page","type-page","status-publish","has-post-thumbnail","hentry"],"yoast_head":"<!-- This site is optimized with the Yoast SEO plugin v27.5 - https:\/\/yoast.com\/product\/yoast-seo-wordpress\/ -->\n<title>Summer Camp 2025 + Creanova - CreaNova School<\/title>\n<meta name=\"description\" content=\"Campamento de verano 2025 para ni\u00f1os en Creanova School. Actividades biling\u00fces, talleres tem\u00e1ticos, juegos de agua, diversi\u00f3n y aprendizaje. \u00a1Ap\u00fantate ya!\" \/>\n<meta name=\"robots\" content=\"index, follow, max-snippet:-1, max-image-preview:large, max-video-preview:-1\" \/>\n<link rel=\"canonical\" href=\"https:\/\/creanovaschool.com\/ca\/campamento-verano\/\" \/>\n<meta property=\"og:locale\" content=\"ca_ES\" \/>\n<meta property=\"og:type\" content=\"article\" \/>\n<meta property=\"og:title\" content=\"Summer Camp 2025 + Creanova - CreaNova School\" \/>\n<meta property=\"og:description\" content=\"Campamento de verano 2025 para ni\u00f1os en Creanova School. Actividades biling\u00fces, talleres tem\u00e1ticos, juegos de agua, diversi\u00f3n y aprendizaje. \u00a1Ap\u00fantate ya!\" \/>\n<meta property=\"og:url\" content=\"https:\/\/creanovaschool.com\/ca\/campamento-verano\/\" \/>\n<meta property=\"og:site_name\" content=\"CreaNova School\" \/>\n<meta property=\"article:publisher\" content=\"https:\/\/www.facebook.com\/collegi.creanova\" \/>\n<meta property=\"article:modified_time\" content=\"2026-04-14T17:38:04+00:00\" \/>\n<meta property=\"og:image\" content=\"https:\/\/creanovaschool.com\/wp-content\/uploads\/2025\/04\/ninos-summer-camp-aventura-creanova-2025.png\" \/>\n\t<meta property=\"og:image:width\" content=\"996\" \/>\n\t<meta property=\"og:image:height\" content=\"568\" \/>\n\t<meta property=\"og:image:type\" content=\"image\/png\" \/>\n<meta name=\"twitter:card\" content=\"summary_large_image\" \/>\n<meta name=\"twitter:site\" content=\"@CollegiCreaNova\" \/>\n<meta name=\"twitter:label1\" content=\"Temps estimat de lectura\" \/>\n\t<meta name=\"twitter:data1\" content=\"6 minuts\" \/>\n<script type=\"application\/ld+json\" class=\"yoast-schema-graph\">{\"@context\":\"https:\\\/\\\/schema.org\",\"@graph\":[{\"@type\":\"WebPage\",\"@id\":\"https:\\\/\\\/creanovaschool.com\\\/campamento-verano\\\/\",\"url\":\"https:\\\/\\\/creanovaschool.com\\\/campamento-verano\\\/\",\"name\":\"Summer Camp 2025 + Creanova - CreaNova School\",\"isPartOf\":{\"@id\":\"https:\\\/\\\/creanovaschool.com\\\/#website\"},\"primaryImageOfPage\":{\"@id\":\"https:\\\/\\\/creanovaschool.com\\\/campamento-verano\\\/#primaryimage\"},\"image\":{\"@id\":\"https:\\\/\\\/creanovaschool.com\\\/campamento-verano\\\/#primaryimage\"},\"thumbnailUrl\":\"https:\\\/\\\/creanovaschool.com\\\/wp-content\\\/uploads\\\/2025\\\/04\\\/ninos-summer-camp-aventura-creanova-2025.png\",\"datePublished\":\"2025-04-14T13:23:41+00:00\",\"dateModified\":\"2026-04-14T17:38:04+00:00\",\"description\":\"Campamento de verano 2025 para ni\u00f1os en Creanova School. Actividades biling\u00fces, talleres tem\u00e1ticos, juegos de agua, diversi\u00f3n y aprendizaje. \u00a1Ap\u00fantate ya!\",\"breadcrumb\":{\"@id\":\"https:\\\/\\\/creanovaschool.com\\\/campamento-verano\\\/#breadcrumb\"},\"inLanguage\":\"ca\",\"potentialAction\":[{\"@type\":\"ReadAction\",\"target\":[\"https:\\\/\\\/creanovaschool.com\\\/campamento-verano\\\/\"]}]},{\"@type\":\"ImageObject\",\"inLanguage\":\"ca\",\"@id\":\"https:\\\/\\\/creanovaschool.com\\\/campamento-verano\\\/#primaryimage\",\"url\":\"https:\\\/\\\/creanovaschool.com\\\/wp-content\\\/uploads\\\/2025\\\/04\\\/ninos-summer-camp-aventura-creanova-2025.png\",\"contentUrl\":\"https:\\\/\\\/creanovaschool.com\\\/wp-content\\\/uploads\\\/2025\\\/04\\\/ninos-summer-camp-aventura-creanova-2025.png\",\"width\":996,\"height\":568,\"caption\":\"Creanova School Sant Cugat. Learning by doing. educaci\u00f3n innovadora en Sant Cugat. Colegio privado Montesori. Colegio internacional Infantil, ESO, Primaria, Bachillerato.Inteligencia Artificial. Aleks. Labster. Pedagog\u00eda Montessori. Diploma Dual\"},{\"@type\":\"BreadcrumbList\",\"@id\":\"https:\\\/\\\/creanovaschool.com\\\/campamento-verano\\\/#breadcrumb\",\"itemListElement\":[{\"@type\":\"ListItem\",\"position\":1,\"name\":\"Portada\",\"item\":\"https:\\\/\\\/creanovaschool.com\\\/\"},{\"@type\":\"ListItem\",\"position\":2,\"name\":\"Summer Camp 2025 + Creanova\"}]},{\"@type\":\"WebSite\",\"@id\":\"https:\\\/\\\/creanovaschool.com\\\/#website\",\"url\":\"https:\\\/\\\/creanovaschool.com\\\/\",\"name\":\"CreaNova School\",\"description\":\"Learning by doing private school in Barcelona\",\"publisher\":{\"@id\":\"https:\\\/\\\/creanovaschool.com\\\/#organization\"},\"potentialAction\":[{\"@type\":\"SearchAction\",\"target\":{\"@type\":\"EntryPoint\",\"urlTemplate\":\"https:\\\/\\\/creanovaschool.com\\\/?s={search_term_string}\"},\"query-input\":{\"@type\":\"PropertyValueSpecification\",\"valueRequired\":true,\"valueName\":\"search_term_string\"}}],\"inLanguage\":\"ca\"},{\"@type\":\"Organization\",\"@id\":\"https:\\\/\\\/creanovaschool.com\\\/#organization\",\"name\":\"CreaNova School\",\"url\":\"https:\\\/\\\/creanovaschool.com\\\/\",\"logo\":{\"@type\":\"ImageObject\",\"inLanguage\":\"ca\",\"@id\":\"https:\\\/\\\/creanovaschool.com\\\/#\\\/schema\\\/logo\\\/image\\\/\",\"url\":\"https:\\\/\\\/creanovaschool.com\\\/wp-content\\\/uploads\\\/2024\\\/07\\\/Logo_Creanova_claim.png\",\"contentUrl\":\"https:\\\/\\\/creanovaschool.com\\\/wp-content\\\/uploads\\\/2024\\\/07\\\/Logo_Creanova_claim.png\",\"width\":2909,\"height\":960,\"caption\":\"CreaNova School\"},\"image\":{\"@id\":\"https:\\\/\\\/creanovaschool.com\\\/#\\\/schema\\\/logo\\\/image\\\/\"},\"sameAs\":[\"https:\\\/\\\/www.facebook.com\\\/collegi.creanova\",\"https:\\\/\\\/x.com\\\/CollegiCreaNova\",\"https:\\\/\\\/www.instagram.com\\\/collegicreanova\\\/\",\"https:\\\/\\\/www.pinterest.com\\\/collegiCreaNova\\\/\",\"https:\\\/\\\/www.youtube.com\\\/channel\\\/UCNAWIuULmSWS1gnVCYmnIIw\"]}]}<\/script>\n<!-- \/ Yoast SEO plugin. -->","yoast_head_json":{"title":"Summer Camp 2025 + Creanova - CreaNova School","description":"Campament d&#039;estiu 2025 per a nens a Creanova School. Activitats biling\u00fces, tallers tem\u00e0tics, jocs d\u201faigua, diversi\u00f3 i aprenentatge. Apunta&#039;t ja!","robots":{"index":"index","follow":"follow","max-snippet":"max-snippet:-1","max-image-preview":"max-image-preview:large","max-video-preview":"max-video-preview:-1"},"canonical":"https:\/\/creanovaschool.com\/ca\/campamento-verano\/","og_locale":"ca_ES","og_type":"article","og_title":"Summer Camp 2025 + Creanova - CreaNova School","og_description":"Campamento de verano 2025 para ni\u00f1os en Creanova School. Actividades biling\u00fces, talleres tem\u00e1ticos, juegos de agua, diversi\u00f3n y aprendizaje. \u00a1Ap\u00fantate ya!","og_url":"https:\/\/creanovaschool.com\/ca\/campamento-verano\/","og_site_name":"CreaNova School","article_publisher":"https:\/\/www.facebook.com\/collegi.creanova","article_modified_time":"2026-04-14T17:38:04+00:00","og_image":[{"width":996,"height":568,"url":"https:\/\/creanovaschool.com\/wp-content\/uploads\/2025\/04\/ninos-summer-camp-aventura-creanova-2025.png","type":"image\/png"}],"twitter_card":"summary_large_image","twitter_site":"@CollegiCreaNova","twitter_misc":{"Temps estimat de lectura":"6 minuts"},"schema":{"@context":"https:\/\/schema.org","@graph":[{"@type":"WebPage","@id":"https:\/\/creanovaschool.com\/campamento-verano\/","url":"https:\/\/creanovaschool.com\/campamento-verano\/","name":"Summer Camp 2025 + Creanova - CreaNova School","isPartOf":{"@id":"https:\/\/creanovaschool.com\/#website"},"primaryImageOfPage":{"@id":"https:\/\/creanovaschool.com\/campamento-verano\/#primaryimage"},"image":{"@id":"https:\/\/creanovaschool.com\/campamento-verano\/#primaryimage"},"thumbnailUrl":"https:\/\/creanovaschool.com\/wp-content\/uploads\/2025\/04\/ninos-summer-camp-aventura-creanova-2025.png","datePublished":"2025-04-14T13:23:41+00:00","dateModified":"2026-04-14T17:38:04+00:00","description":"Campament d&#039;estiu 2025 per a nens a Creanova School. Activitats biling\u00fces, tallers tem\u00e0tics, jocs d\u201faigua, diversi\u00f3 i aprenentatge. Apunta&#039;t ja!","breadcrumb":{"@id":"https:\/\/creanovaschool.com\/campamento-verano\/#breadcrumb"},"inLanguage":"ca","potentialAction":[{"@type":"ReadAction","target":["https:\/\/creanovaschool.com\/campamento-verano\/"]}]},{"@type":"ImageObject","inLanguage":"ca","@id":"https:\/\/creanovaschool.com\/campamento-verano\/#primaryimage","url":"https:\/\/creanovaschool.com\/wp-content\/uploads\/2025\/04\/ninos-summer-camp-aventura-creanova-2025.png","contentUrl":"https:\/\/creanovaschool.com\/wp-content\/uploads\/2025\/04\/ninos-summer-camp-aventura-creanova-2025.png","width":996,"height":568,"caption":"Creanova School Sant Cugat. Learning by doing. educaci\u00f3n innovadora en Sant Cugat. Colegio privado Montesori. Colegio internacional Infantil, ESO, Primaria, Bachillerato.Inteligencia Artificial. Aleks. Labster. Pedagog\u00eda Montessori. Diploma Dual"},{"@type":"BreadcrumbList","@id":"https:\/\/creanovaschool.com\/campamento-verano\/#breadcrumb","itemListElement":[{"@type":"ListItem","position":1,"name":"Portada","item":"https:\/\/creanovaschool.com\/"},{"@type":"ListItem","position":2,"name":"Summer Camp 2025 + Creanova"}]},{"@type":"WebSite","@id":"https:\/\/creanovaschool.com\/#website","url":"https:\/\/creanovaschool.com\/","name":"CreaNova School","description":"Learning by doing private school in Barcelona","publisher":{"@id":"https:\/\/creanovaschool.com\/#organization"},"potentialAction":[{"@type":"SearchAction","target":{"@type":"EntryPoint","urlTemplate":"https:\/\/creanovaschool.com\/?s={search_term_string}"},"query-input":{"@type":"PropertyValueSpecification","valueRequired":true,"valueName":"search_term_string"}}],"inLanguage":"ca"},{"@type":"Organization","@id":"https:\/\/creanovaschool.com\/#organization","name":"CreaNova School","url":"https:\/\/creanovaschool.com\/","logo":{"@type":"ImageObject","inLanguage":"ca","@id":"https:\/\/creanovaschool.com\/#\/schema\/logo\/image\/","url":"https:\/\/creanovaschool.com\/wp-content\/uploads\/2024\/07\/Logo_Creanova_claim.png","contentUrl":"https:\/\/creanovaschool.com\/wp-content\/uploads\/2024\/07\/Logo_Creanova_claim.png","width":2909,"height":960,"caption":"CreaNova School"},"image":{"@id":"https:\/\/creanovaschool.com\/#\/schema\/logo\/image\/"},"sameAs":["https:\/\/www.facebook.com\/collegi.creanova","https:\/\/x.com\/CollegiCreaNova","https:\/\/www.instagram.com\/collegicreanova\/","https:\/\/www.pinterest.com\/collegiCreaNova\/","https:\/\/www.youtube.com\/channel\/UCNAWIuULmSWS1gnVCYmnIIw"]}]}},"_links":{"self":[{"href":"https:\/\/creanovaschool.com\/ca\/wp-json\/wp\/v2\/pages\/25021","targetHints":{"allow":["GET"]}}],"collection":[{"href":"https:\/\/creanovaschool.com\/ca\/wp-json\/wp\/v2\/pages"}],"about":[{"href":"https:\/\/creanovaschool.com\/ca\/wp-json\/wp\/v2\/types\/page"}],"author":[{"embeddable":true,"href":"https:\/\/creanovaschool.com\/ca\/wp-json\/wp\/v2\/users\/3"}],"replies":[{"embeddable":true,"href":"https:\/\/creanovaschool.com\/ca\/wp-json\/wp\/v2\/comments?post=25021"}],"version-history":[{"count":64,"href":"https:\/\/creanovaschool.com\/ca\/wp-json\/wp\/v2\/pages\/25021\/revisions"}],"predecessor-version":[{"id":25776,"href":"https:\/\/creanovaschool.com\/ca\/wp-json\/wp\/v2\/pages\/25021\/revisions\/25776"}],"wp:featuredmedia":[{"embeddable":true,"href":"https:\/\/creanovaschool.com\/ca\/wp-json\/wp\/v2\/media\/25023"}],"wp:attachment":[{"href":"https:\/\/creanovaschool.com\/ca\/wp-json\/wp\/v2\/media?parent=25021"}],"curies":[{"name":"wp","href":"https:\/\/api.w.org\/{rel}","templated":true}]}}