{"id":8995,"date":"2020-08-14T09:57:09","date_gmt":"2020-08-14T09:57:09","guid":{"rendered":"https:\/\/creanovaschool.com\/inscripcio-summer-camps-creanova-2020-copy\/"},"modified":"2020-08-14T10:10:37","modified_gmt":"2020-08-14T10:10:37","slug":"inscripcio-september-camp-creanova-2020","status":"publish","type":"page","link":"https:\/\/creanovaschool.com\/ca\/inscripcio-september-camp-creanova-2020\/","title":{"rendered":"Inscripci\u00f3 September Camp CreaNova 2020"},"content":{"rendered":"<p>[vc_row css_animation=\u00bb\u00bb row_type=\u00bbrow\u00bb use_row_as_full_screen_section=\u00bbno\u00bb type=\u00bbfull_width\u00bb angled_section=\u00bbno\u00bb text_align=\u00bbcenter\u00bb background_image_as_pattern=\u00bbwithout_pattern\u00bb z_index=\u00bb\u00bb background_color=\u00bb#f2f2f2&#8243; padding_top=\u00bb0&#8243; padding_bottom=\u00bb0&#8243; css=\u00bb.vc_custom_1587682024262{background-color: #ffffff !important;}\u00bb][vc_column css_animation=\u00bbfadeIn\u00bb css=\u00bb.vc_custom_1587689514154{padding-right: 20px !important;padding-left: 20px !important;background-color: #e07233 !important;}\u00bb][vc_separator type=\u00bbtransparent\u00bb up=\u00bb5&#8243;][vc_column_text]<\/p>\n<h2 style=\"text-align: center;\"><span style=\"color: #ffffff;\">CreaNova September Camp 2020<\/span><\/h2>\n<p>[\/vc_column_text][vc_separator type=\u00bbtransparent\u00bb up=\u00bb3&#8243;][vc_column_text]<\/p>\n<h4 style=\"text-align: center;\"><span style=\"color: #ffffff;\">del 7 al 10 de setembre de 2020<\/span><\/h4>\n<p>[\/vc_column_text][vc_separator type=\u00bbtransparent\u00bb up=\u00bb25&#8243;][vc_single_image image=\u00bb282&#8243; img_size=\u00bbfull\u00bb alignment=\u00bbcenter\u00bb onclick=\u00bbcustom_link\u00bb img_link_target=\u00bb_blank\u00bb qode_css_animation=\u00bbelement_from_fade\u00bb qode_hover_animation=\u00bbzoom_in\u00bb link=\u00bbhttps:\/\/creanovaschool.com\u00bb][vc_separator type=\u00bbtransparent\u00bb up=\u00bb30&#8243;][\/vc_column][\/vc_row][vc_row css_animation=\u00bb\u00bb row_type=\u00bbrow\u00bb use_row_as_full_screen_section=\u00bbno\u00bb type=\u00bbgrid\u00bb angled_section=\u00bbno\u00bb text_align=\u00bbleft\u00bb background_image_as_pattern=\u00bbwithout_pattern\u00bb z_index=\u00bb\u00bb padding_top=\u00bb45&#8243;][vc_column][vc_column_text]<\/p>\n<h4>Cadascuna de les propostes estan adequades i dissenyades d\u2019acord als diferents grups multiedat i aprofitant els interessos i la motivaci\u00f3 de cada un d\u2019ells.<\/h4>\n<p>[\/vc_column_text][vc_separator type=\u00bbtransparent\u00bb up=\u00bb5&#8243; down=\u00bb5&#8243;][vc_column_text]Omple el formulari per inscriure&#8217;t.[\/vc_column_text][vc_separator type=\u00bbtransparent\u00bb up=\u00bb15&#8243;][vc_row_inner row_type=\u00bbrow\u00bb type=\u00bbfull_width\u00bb text_align=\u00bbleft\u00bb css_animation=\u00bb\u00bb][vc_column_inner width=\u00bb1\/4&#8243;][service_table title=\u00bbTechnology &amp; Engineering\u00bb title_background_type=\u00bbbackground_color_type\u00bb icon_size=\u00bbfa-lg\u00bb border=\u00bbyes\u00bb border_width=\u00bb1&#8243; border_color=\u00bb#eaeaea\u00bb title_background_color=\u00bb#f5f5f5&#8243;]<\/p>\n<ul>\n<li>Dilluns 7 de setembre<\/li>\n<\/ul>\n<p>[\/service_table][vc_separator type=\u00bbtransparent\u00bb up=\u00bb10&#8243;][\/vc_column_inner][vc_column_inner width=\u00bb1\/4&#8243;][service_table title=\u00bbTEATRE MUSICAL\u00bb title_background_type=\u00bbbackground_color_type\u00bb icon_size=\u00bbfa-lg\u00bb border=\u00bbyes\u00bb border_width=\u00bb1&#8243; border_color=\u00bb#eaeaea\u00bb title_background_color=\u00bb#f5f5f5&#8243;]<\/p>\n<ul>\n<li>Dimarts 8 de setembre<\/li>\n<\/ul>\n<p>[\/service_table][vc_separator type=\u00bbtransparent\u00bb up=\u00bb10&#8243;][\/vc_column_inner][vc_column_inner width=\u00bb1\/4&#8243;][service_table title=\u00bbPLAYING WITH MATHS, IN ENGLISH\u00bb title_background_type=\u00bbbackground_color_type\u00bb icon_size=\u00bbfa-lg\u00bb border=\u00bbyes\u00bb border_width=\u00bb1&#8243; border_color=\u00bb#eaeaea\u00bb title_background_color=\u00bb#f5f5f5&#8243;]<\/p>\n<ul>\n<li>Dimecres 9 de setembre<\/li>\n<\/ul>\n<p>[\/service_table][vc_separator type=\u00bbtransparent\u00bb up=\u00bb10&#8243;][\/vc_column_inner][vc_column_inner width=\u00bb1\/4&#8243;][service_table title=\u00bbSTORIES OF THE WORLD\u00bb title_background_type=\u00bbbackground_color_type\u00bb icon_size=\u00bbfa-lg\u00bb border=\u00bbyes\u00bb border_width=\u00bb1&#8243; border_color=\u00bb#eaeaea\u00bb title_background_color=\u00bb#f5f5f5&#8243;]<\/p>\n<ul>\n<li>Dijous 10 de setembre<\/li>\n<\/ul>\n<p>[\/service_table][vc_separator type=\u00bbtransparent\u00bb up=\u00bb10&#8243;][\/vc_column_inner][\/vc_row_inner][vc_separator type=\u00bbtransparent\u00bb up=\u00bb25&#8243;][\/vc_column][\/vc_row][vc_row css_animation=\u00bb\u00bb row_type=\u00bbrow\u00bb use_row_as_full_screen_section=\u00bbno\u00bb type=\u00bbgrid\u00bb angled_section=\u00bbno\u00bb text_align=\u00bbleft\u00bb background_image_as_pattern=\u00bbwithout_pattern\u00bb z_index=\u00bb\u00bb css=\u00bb.vc_custom_1587685978687{background-color: #f5f5f5 !important;}\u00bb padding_top=\u00bb70&#8243; padding_bottom=\u00bb70&#8243;][vc_column css=\u00bb.vc_custom_1575553197088{padding-left: 40px !important;}\u00bb][vc_column_text]<\/p>\n<h2>APUNTA&#8217;T AQU\u00cd<\/h2>\n<p>[\/vc_column_text][vc_separator type=\u00bbsmall\u00bb position=\u00bbleft\u00bb color=\u00bb#3d3d3d\u00bb thickness=\u00bb1&#8243; up=\u00bb12&#8243; down=\u00bb20&#8243;][vc_separator type=\u00bbtransparent\u00bb thickness=\u00bb1&#8243; up=\u00bb12&#8243; down=\u00bb20&#8243;][contact-form-7 id=\u00bb9003&#8243; html_class=\u00bbcf7_custom_style_1&#8243;][vc_separator type=\u00bbtransparent\u00bb up=\u00bb20&#8243;][\/vc_column][\/vc_row][vc_row css_animation=\u00bb\u00bb row_type=\u00bbrow\u00bb use_row_as_full_screen_section=\u00bbno\u00bb type=\u00bbgrid\u00bb angled_section=\u00bbno\u00bb text_align=\u00bbleft\u00bb background_image_as_pattern=\u00bbwithout_pattern\u00bb z_index=\u00bb\u00bb background_color=\u00bb#ffffff\u00bb padding_top=\u00bb35&#8243; padding_bottom=\u00bb35&#8243;][vc_column width=\u00bb1\/2&#8243;][vc_column_text]\u00a9 Copyright Grupo CreaNova SL | Col\u00b7legi CreaNova Learning by Doing<br \/>\n<a href=\"https:\/\/www.collegicreanova.com\" target=\"_blank\" rel=\"noopener noreferrer\">www.collegicreanova.org<\/a><\/p>\n<p>[icons icon_pack=\u00bbfont_elegant\u00bb fe_icon=\u00bbsocial_facebook\u00bb size=\u00bbfa-lg\u00bb type=\u00bbcircle\u00bb custom_size=\u00bb12&#8243; custom_shape_size=\u00bb18&#8243; link=\u00bbhttps:\/\/www.facebook.com\/collegi.creanova\u00bb target=\u00bb_blank\u00bb icon_color=\u00bb#ffffff\u00bb icon_hover_color=\u00bb#ffffff\u00bb background_color=\u00bb#e07233&#8243; hover_background_color=\u00bb#515151&#8243; margin=\u00bb0 -6px 0 0&#8243;] [icons icon_pack=\u00bbfont_elegant\u00bb fe_icon=\u00bbsocial_linkedin\u00bb size=\u00bbfa-lg\u00bb type=\u00bbcircle\u00bb custom_size=\u00bb12&#8243; custom_shape_size=\u00bb18&#8243; link=\u00bbhttps:\/\/www.linkedin.com\/company\/col%C2%B7legi-creanova\/\u00bb target=\u00bb_blank\u00bb icon_color=\u00bb#ffffff\u00bb icon_hover_color=\u00bb#ffffff\u00bb background_color=\u00bb#e07233&#8243; hover_background_color=\u00bb#515151&#8243; margin=\u00bb0 -6px 0 0&#8243;] [icons icon_pack=\u00bbfont_elegant\u00bb fe_icon=\u00bbsocial_instagram\u00bb size=\u00bbfa-lg\u00bb type=\u00bbcircle\u00bb custom_size=\u00bb12&#8243; custom_shape_size=\u00bb18&#8243; link=\u00bbhttps:\/\/www.instagram.com\/collegicreanova\/\u00bb target=\u00bb_blank\u00bb icon_color=\u00bb#ffffff\u00bb icon_hover_color=\u00bb#ffffff\u00bb background_color=\u00bb#e07233&#8243; hover_background_color=\u00bb#515151&#8243; margin=\u00bb0 -6px 0 0&#8243;] [icons icon_pack=\u00bbfont_elegant\u00bb fe_icon=\u00bbsocial_twitter\u00bb size=\u00bbfa-lg\u00bb type=\u00bbcircle\u00bb custom_size=\u00bb12&#8243; custom_shape_size=\u00bb18&#8243; link=\u00bbhttps:\/\/twitter.com\/CollegiCreaNova\u00bb target=\u00bb_blank\u00bb icon_color=\u00bb#ffffff\u00bb icon_hover_color=\u00bb#ffffff\u00bb background_color=\u00bb#e07233&#8243;<br \/>\nhover_background_color=\u00bb#515151&#8243; margin=\u00bb0 -6px 0 0&#8243;] [icons icon_pack=\u00bbfont_elegant\u00bb fe_icon=\u00bbsocial_youtube\u00bb size=\u00bbfa-lg\u00bb type=\u00bbcircle\u00bb custom_size=\u00bb12&#8243; custom_shape_size=\u00bb18&#8243; link=\u00bbhttps:\/\/www.youtube.com\/channel\/UCNAWIuULmSWS1gnVCYmnIIw\u00bb target=\u00bb_blank\u00bb icon_color=\u00bb#ffffff\u00bb icon_hover_color=\u00bb#ffffff\u00bb background_color=\u00bb#e07233&#8243; hover_background_color=\u00bb#515151&#8243; margin=\u00bb0 -6px 0 0&#8243;] [icons icon_pack=\u00bbfont_elegant\u00bb fe_icon=\u00bbsocial_pinterest\u00bb size=\u00bbfa-lg\u00bb type=\u00bbcircle\u00bb custom_size=\u00bb12&#8243; custom_shape_size=\u00bb18&#8243; link=\u00bbhttps:\/\/www.pinterest.com\/collegiCreaNova\/\u00bb target=\u00bb_blank\u00bb icon_color=\u00bb#ffffff\u00bb icon_hover_color=\u00bb#ffffff\u00bb background_color=\u00bb#e07233&#8243; hover_background_color=\u00bb#515151&#8243; margin=\u00bb0 -6px 0 0&#8243;][\/vc_column_text][vc_separator type=\u00bbtransparent\u00bb up=\u00bb10&#8243;][\/vc_column][vc_column width=\u00bb1\/2&#8243;][vc_column_text]<\/p>\n<p style=\"text-align: right;\">Ctra Rub\u00ed 90-100 \u00b7 08174 Sant Cugat del Vall\u00e8s (Barcelona)<br \/>\n<a href=\"mailto:info@creanovaschool.com\"><i class=\"fa fa-envelope\"><\/i>&nbsp; info@creanovaschool.com<\/a><br \/>\n<a href=\"tel:+34 932 526 161 \"><i class=\"fa fa-phone\"><\/i>&nbsp; (+34) 932 526 161 <\/a> (Lu a Vi, de 9 a 18h)<\/p>\n<p>[\/vc_column_text][vc_separator type=\u00bbtransparent\u00bb up=\u00bb10&#8243;][\/vc_column][\/vc_row]<\/p>\n","protected":false},"excerpt":{"rendered":"<p>[vc_row css_animation=\u00bb\u00bb row_type=\u00bbrow\u00bb use_row_as_full_screen_section=\u00bbno\u00bb type=\u00bbfull_width\u00bb angled_section=\u00bbno\u00bb text_align=\u00bbcenter\u00bb background_image_as_pattern=\u00bbwithout_pattern\u00bb z_index=\u00bb\u00bb background_color=\u00bb#f2f2f2&#8243; padding_top=\u00bb0&#8243; padding_bottom=\u00bb0&#8243; css=\u00bb.vc_custom_1587682024262{background-color: #ffffff !important;}\u00bb][vc_column css_animation=\u00bbfadeIn\u00bb css=\u00bb.vc_custom_1587689514154{padding-right: 20px !important;padding-left: 20px !important;background-color: #e07233 !important;}\u00bb][vc_separator type=\u00bbtransparent\u00bb up=\u00bb5&#8243;][vc_column_text] CreaNova September Camp 2020 [\/vc_column_text][vc_separator type=\u00bbtransparent\u00bb up=\u00bb3&#8243;][vc_column_text] del 7 al 10 de setembre de 2020 [\/vc_column_text][vc_separator type=\u00bbtransparent\u00bb up=\u00bb25&#8243;][vc_single_image image=\u00bb282&#8243; img_size=\u00bbfull\u00bb alignment=\u00bbcenter\u00bb onclick=\u00bbcustom_link\u00bb img_link_target=\u00bb_blank\u00bb qode_css_animation=\u00bbelement_from_fade\u00bb qode_hover_animation=\u00bbzoom_in\u00bb link=\u00bbhttps:\/\/creanovaschool.com\u00bb][vc_separator type=\u00bbtransparent\u00bb up=\u00bb30&#8243;][\/vc_column][\/vc_row][vc_row css_animation=\u00bb\u00bb row_type=\u00bbrow\u00bb [&hellip;]<\/p>\n","protected":false},"author":8,"featured_media":8145,"parent":0,"menu_order":0,"comment_status":"closed","ping_status":"closed","template":"landing_page.php","meta":{"footnotes":""},"class_list":["post-8995","page","type-page","status-publish","has-post-thumbnail","hentry"],"yoast_head":"<!-- This site is optimized with the Yoast SEO plugin v27.5 - https:\/\/yoast.com\/product\/yoast-seo-wordpress\/ -->\n<title>Inscripci\u00f3 September Camp CreaNova 2020 - CreaNova School<\/title>\n<meta name=\"description\" content=\"Summer Camps 2020 a Sant Cugat del Vall\u00e8s (Barcelona) oberts a totes les nenes i nens de 3 a 16 anys d\u2019Ed. Infantil, Prim\u00e0ria i Secund\u00e0ria, de tots els centres escolars.\" \/>\n<meta name=\"robots\" content=\"index, follow, max-snippet:-1, max-image-preview:large, max-video-preview:-1\" \/>\n<link rel=\"canonical\" href=\"https:\/\/creanovaschool.com\/ca\/inscripcio-september-camp-creanova-2020\/\" \/>\n<meta property=\"og:locale\" content=\"ca_ES\" \/>\n<meta property=\"og:type\" content=\"article\" \/>\n<meta property=\"og:title\" content=\"Inscripci\u00f3 September Camp CreaNova 2020 - CreaNova School\" \/>\n<meta property=\"og:description\" content=\"Summer Camps 2020 a Sant Cugat del Vall\u00e8s (Barcelona) oberts a totes les nenes i nens de 3 a 16 anys d\u2019Ed. Infantil, Prim\u00e0ria i Secund\u00e0ria, de tots els centres escolars.\" \/>\n<meta property=\"og:url\" content=\"https:\/\/creanovaschool.com\/ca\/inscripcio-september-camp-creanova-2020\/\" \/>\n<meta property=\"og:site_name\" content=\"CreaNova School\" \/>\n<meta property=\"article:publisher\" content=\"https:\/\/www.facebook.com\/collegi.creanova\" \/>\n<meta property=\"article:modified_time\" content=\"2020-08-14T10:10:37+00:00\" \/>\n<meta property=\"og:image\" content=\"https:\/\/creanovaschool.com\/wp-content\/uploads\/2020\/05\/creanova-summer-camps-2020-preview.jpg\" \/>\n\t<meta property=\"og:image:width\" content=\"1200\" \/>\n\t<meta property=\"og:image:height\" content=\"1000\" \/>\n\t<meta property=\"og:image:type\" content=\"image\/jpeg\" \/>\n<meta name=\"twitter:card\" content=\"summary_large_image\" \/>\n<meta name=\"twitter:site\" content=\"@CollegiCreaNova\" \/>\n<meta name=\"twitter:label1\" content=\"Temps estimat de lectura\" \/>\n\t<meta name=\"twitter:data1\" content=\"4 minuts\" \/>\n<script type=\"application\/ld+json\" class=\"yoast-schema-graph\">{\"@context\":\"https:\\\/\\\/schema.org\",\"@graph\":[{\"@type\":\"WebPage\",\"@id\":\"https:\\\/\\\/creanovaschool.com\\\/ca\\\/inscripcio-september-camp-creanova-2020\\\/\",\"url\":\"https:\\\/\\\/creanovaschool.com\\\/ca\\\/inscripcio-september-camp-creanova-2020\\\/\",\"name\":\"Inscripci\u00f3 September Camp CreaNova 2020 - CreaNova School\",\"isPartOf\":{\"@id\":\"https:\\\/\\\/creanovaschool.com\\\/#website\"},\"primaryImageOfPage\":{\"@id\":\"https:\\\/\\\/creanovaschool.com\\\/ca\\\/inscripcio-september-camp-creanova-2020\\\/#primaryimage\"},\"image\":{\"@id\":\"https:\\\/\\\/creanovaschool.com\\\/ca\\\/inscripcio-september-camp-creanova-2020\\\/#primaryimage\"},\"thumbnailUrl\":\"https:\\\/\\\/creanovaschool.com\\\/wp-content\\\/uploads\\\/2020\\\/05\\\/creanova-summer-camps-2020-preview.jpg\",\"datePublished\":\"2020-08-14T09:57:09+00:00\",\"dateModified\":\"2020-08-14T10:10:37+00:00\",\"description\":\"Summer Camps 2020 a Sant Cugat del Vall\u00e8s (Barcelona) oberts a totes les nenes i nens de 3 a 16 anys d\u2019Ed. Infantil, Prim\u00e0ria i Secund\u00e0ria, de tots els centres escolars.\",\"breadcrumb\":{\"@id\":\"https:\\\/\\\/creanovaschool.com\\\/ca\\\/inscripcio-september-camp-creanova-2020\\\/#breadcrumb\"},\"inLanguage\":\"ca\",\"potentialAction\":[{\"@type\":\"ReadAction\",\"target\":[\"https:\\\/\\\/creanovaschool.com\\\/ca\\\/inscripcio-september-camp-creanova-2020\\\/\"]}]},{\"@type\":\"ImageObject\",\"inLanguage\":\"ca\",\"@id\":\"https:\\\/\\\/creanovaschool.com\\\/ca\\\/inscripcio-september-camp-creanova-2020\\\/#primaryimage\",\"url\":\"https:\\\/\\\/creanovaschool.com\\\/wp-content\\\/uploads\\\/2020\\\/05\\\/creanova-summer-camps-2020-preview.jpg\",\"contentUrl\":\"https:\\\/\\\/creanovaschool.com\\\/wp-content\\\/uploads\\\/2020\\\/05\\\/creanova-summer-camps-2020-preview.jpg\",\"width\":1200,\"height\":1000,\"caption\":\"CreaNova Summer Camps 2020 - Col\u00b7legi CreaNova learning by Doing - Sant Cugat del Vall\u00e8s (Barcelona)\"},{\"@type\":\"BreadcrumbList\",\"@id\":\"https:\\\/\\\/creanovaschool.com\\\/ca\\\/inscripcio-september-camp-creanova-2020\\\/#breadcrumb\",\"itemListElement\":[{\"@type\":\"ListItem\",\"position\":1,\"name\":\"Portada\",\"item\":\"https:\\\/\\\/creanovaschool.com\\\/\"},{\"@type\":\"ListItem\",\"position\":2,\"name\":\"Inscripci\u00f3 September Camp CreaNova 2020\"}]},{\"@type\":\"WebSite\",\"@id\":\"https:\\\/\\\/creanovaschool.com\\\/#website\",\"url\":\"https:\\\/\\\/creanovaschool.com\\\/\",\"name\":\"CreaNova School\",\"description\":\"Learning by doing private school in Barcelona\",\"publisher\":{\"@id\":\"https:\\\/\\\/creanovaschool.com\\\/#organization\"},\"potentialAction\":[{\"@type\":\"SearchAction\",\"target\":{\"@type\":\"EntryPoint\",\"urlTemplate\":\"https:\\\/\\\/creanovaschool.com\\\/?s={search_term_string}\"},\"query-input\":{\"@type\":\"PropertyValueSpecification\",\"valueRequired\":true,\"valueName\":\"search_term_string\"}}],\"inLanguage\":\"ca\"},{\"@type\":\"Organization\",\"@id\":\"https:\\\/\\\/creanovaschool.com\\\/#organization\",\"name\":\"CreaNova School\",\"url\":\"https:\\\/\\\/creanovaschool.com\\\/\",\"logo\":{\"@type\":\"ImageObject\",\"inLanguage\":\"ca\",\"@id\":\"https:\\\/\\\/creanovaschool.com\\\/#\\\/schema\\\/logo\\\/image\\\/\",\"url\":\"https:\\\/\\\/creanovaschool.com\\\/wp-content\\\/uploads\\\/2024\\\/07\\\/Logo_Creanova_claim.png\",\"contentUrl\":\"https:\\\/\\\/creanovaschool.com\\\/wp-content\\\/uploads\\\/2024\\\/07\\\/Logo_Creanova_claim.png\",\"width\":2909,\"height\":960,\"caption\":\"CreaNova School\"},\"image\":{\"@id\":\"https:\\\/\\\/creanovaschool.com\\\/#\\\/schema\\\/logo\\\/image\\\/\"},\"sameAs\":[\"https:\\\/\\\/www.facebook.com\\\/collegi.creanova\",\"https:\\\/\\\/x.com\\\/CollegiCreaNova\",\"https:\\\/\\\/www.instagram.com\\\/collegicreanova\\\/\",\"https:\\\/\\\/www.pinterest.com\\\/collegiCreaNova\\\/\",\"https:\\\/\\\/www.youtube.com\\\/channel\\\/UCNAWIuULmSWS1gnVCYmnIIw\"]}]}<\/script>\n<!-- \/ Yoast SEO plugin. -->","yoast_head_json":{"title":"Inscripci\u00f3 September Camp CreaNova 2020 - CreaNova School","description":"Summer Camps 2020 a Sant Cugat del Vall\u00e8s (Barcelona) obert a totes les nenes i nens de 3 a 16 anys d&#039;Ed. Infantil, Prim\u00e0ria i Secund\u00e0ria, de tots els centres escolars.","robots":{"index":"index","follow":"follow","max-snippet":"max-snippet:-1","max-image-preview":"max-image-preview:large","max-video-preview":"max-video-preview:-1"},"canonical":"https:\/\/creanovaschool.com\/ca\/inscripcio-september-camp-creanova-2020\/","og_locale":"ca_ES","og_type":"article","og_title":"Inscripci\u00f3 September Camp CreaNova 2020 - CreaNova School","og_description":"Summer Camps 2020 a Sant Cugat del Vall\u00e8s (Barcelona) oberts a totes les nenes i nens de 3 a 16 anys d\u2019Ed. Infantil, Prim\u00e0ria i Secund\u00e0ria, de tots els centres escolars.","og_url":"https:\/\/creanovaschool.com\/ca\/inscripcio-september-camp-creanova-2020\/","og_site_name":"CreaNova School","article_publisher":"https:\/\/www.facebook.com\/collegi.creanova","article_modified_time":"2020-08-14T10:10:37+00:00","og_image":[{"width":1200,"height":1000,"url":"https:\/\/creanovaschool.com\/wp-content\/uploads\/2020\/05\/creanova-summer-camps-2020-preview.jpg","type":"image\/jpeg"}],"twitter_card":"summary_large_image","twitter_site":"@CollegiCreaNova","twitter_misc":{"Temps estimat de lectura":"4 minuts"},"schema":{"@context":"https:\/\/schema.org","@graph":[{"@type":"WebPage","@id":"https:\/\/creanovaschool.com\/ca\/inscripcio-september-camp-creanova-2020\/","url":"https:\/\/creanovaschool.com\/ca\/inscripcio-september-camp-creanova-2020\/","name":"Inscripci\u00f3 September Camp CreaNova 2020 - CreaNova School","isPartOf":{"@id":"https:\/\/creanovaschool.com\/#website"},"primaryImageOfPage":{"@id":"https:\/\/creanovaschool.com\/ca\/inscripcio-september-camp-creanova-2020\/#primaryimage"},"image":{"@id":"https:\/\/creanovaschool.com\/ca\/inscripcio-september-camp-creanova-2020\/#primaryimage"},"thumbnailUrl":"https:\/\/creanovaschool.com\/wp-content\/uploads\/2020\/05\/creanova-summer-camps-2020-preview.jpg","datePublished":"2020-08-14T09:57:09+00:00","dateModified":"2020-08-14T10:10:37+00:00","description":"Summer Camps 2020 a Sant Cugat del Vall\u00e8s (Barcelona) obert a totes les nenes i nens de 3 a 16 anys d&#039;Ed. Infantil, Prim\u00e0ria i Secund\u00e0ria, de tots els centres escolars.","breadcrumb":{"@id":"https:\/\/creanovaschool.com\/ca\/inscripcio-september-camp-creanova-2020\/#breadcrumb"},"inLanguage":"ca","potentialAction":[{"@type":"ReadAction","target":["https:\/\/creanovaschool.com\/ca\/inscripcio-september-camp-creanova-2020\/"]}]},{"@type":"ImageObject","inLanguage":"ca","@id":"https:\/\/creanovaschool.com\/ca\/inscripcio-september-camp-creanova-2020\/#primaryimage","url":"https:\/\/creanovaschool.com\/wp-content\/uploads\/2020\/05\/creanova-summer-camps-2020-preview.jpg","contentUrl":"https:\/\/creanovaschool.com\/wp-content\/uploads\/2020\/05\/creanova-summer-camps-2020-preview.jpg","width":1200,"height":1000,"caption":"CreaNova Summer Camps 2020 - Col\u00b7legi CreaNova learning by Doing - Sant Cugat del Vall\u00e8s (Barcelona)"},{"@type":"BreadcrumbList","@id":"https:\/\/creanovaschool.com\/ca\/inscripcio-september-camp-creanova-2020\/#breadcrumb","itemListElement":[{"@type":"ListItem","position":1,"name":"Portada","item":"https:\/\/creanovaschool.com\/"},{"@type":"ListItem","position":2,"name":"Inscripci\u00f3 September Camp CreaNova 2020"}]},{"@type":"WebSite","@id":"https:\/\/creanovaschool.com\/#website","url":"https:\/\/creanovaschool.com\/","name":"CreaNova School","description":"Learning by doing private school in Barcelona","publisher":{"@id":"https:\/\/creanovaschool.com\/#organization"},"potentialAction":[{"@type":"SearchAction","target":{"@type":"EntryPoint","urlTemplate":"https:\/\/creanovaschool.com\/?s={search_term_string}"},"query-input":{"@type":"PropertyValueSpecification","valueRequired":true,"valueName":"search_term_string"}}],"inLanguage":"ca"},{"@type":"Organization","@id":"https:\/\/creanovaschool.com\/#organization","name":"CreaNova School","url":"https:\/\/creanovaschool.com\/","logo":{"@type":"ImageObject","inLanguage":"ca","@id":"https:\/\/creanovaschool.com\/#\/schema\/logo\/image\/","url":"https:\/\/creanovaschool.com\/wp-content\/uploads\/2024\/07\/Logo_Creanova_claim.png","contentUrl":"https:\/\/creanovaschool.com\/wp-content\/uploads\/2024\/07\/Logo_Creanova_claim.png","width":2909,"height":960,"caption":"CreaNova School"},"image":{"@id":"https:\/\/creanovaschool.com\/#\/schema\/logo\/image\/"},"sameAs":["https:\/\/www.facebook.com\/collegi.creanova","https:\/\/x.com\/CollegiCreaNova","https:\/\/www.instagram.com\/collegicreanova\/","https:\/\/www.pinterest.com\/collegiCreaNova\/","https:\/\/www.youtube.com\/channel\/UCNAWIuULmSWS1gnVCYmnIIw"]}]}},"_links":{"self":[{"href":"https:\/\/creanovaschool.com\/ca\/wp-json\/wp\/v2\/pages\/8995","targetHints":{"allow":["GET"]}}],"collection":[{"href":"https:\/\/creanovaschool.com\/ca\/wp-json\/wp\/v2\/pages"}],"about":[{"href":"https:\/\/creanovaschool.com\/ca\/wp-json\/wp\/v2\/types\/page"}],"author":[{"embeddable":true,"href":"https:\/\/creanovaschool.com\/ca\/wp-json\/wp\/v2\/users\/8"}],"replies":[{"embeddable":true,"href":"https:\/\/creanovaschool.com\/ca\/wp-json\/wp\/v2\/comments?post=8995"}],"version-history":[{"count":7,"href":"https:\/\/creanovaschool.com\/ca\/wp-json\/wp\/v2\/pages\/8995\/revisions"}],"predecessor-version":[{"id":9004,"href":"https:\/\/creanovaschool.com\/ca\/wp-json\/wp\/v2\/pages\/8995\/revisions\/9004"}],"wp:featuredmedia":[{"embeddable":true,"href":"https:\/\/creanovaschool.com\/ca\/wp-json\/wp\/v2\/media\/8145"}],"wp:attachment":[{"href":"https:\/\/creanovaschool.com\/ca\/wp-json\/wp\/v2\/media?parent=8995"}],"curies":[{"name":"wp","href":"https:\/\/api.w.org\/{rel}","templated":true}]}}